{"id":2283,"date":"2024-01-05T14:08:34","date_gmt":"2024-01-05T13:08:34","guid":{"rendered":"https:\/\/ferqui.com\/historia-12\/"},"modified":"2024-03-01T12:46:16","modified_gmt":"2024-03-01T11:46:16","slug":"historia-12","status":"publish","type":"page","link":"https:\/\/ferqui.com\/fr\/historia-12\/","title":{"rendered":"Histoire"},"content":{"rendered":"\n<div class=\"wp-block-group is-layout-flow wp-block-group-is-layout-flow\">\n<div data-slider-type=\"slider\" data-per-view=\"1\" data-focus-at=\"center\" data-gap=\"0\" data-autoplay=\"false\" data-hoverpause=\"true\" data-animation-duration=\"400\" data-animation-timing-func=\"cubic-bezier(0.165, 0.840, 0.440, 1.000)\" data-peek-before=\"0\" data-peek-after=\"0\" data-breakpoints=\"\" class=\"wp-block-sci-blocks-sci-slider alignfull sci-blocks-slider glide  ferqui-historia\"><div class=\"glide__track\" data-glide-el=\"track\"><div class=\"glide__slides is-layout-flow wp-block-sci-slider-is-layout-flow\">\n<article id=\"1957\" class=\"wp-block-group has-global-padding is-layout-constrained wp-block-group-is-layout-constrained\">\n<div class=\"wp-block-cover has-custom-content-position is-position-bottom-center\" style=\"min-height:700px;aspect-ratio:unset;\"><span aria-hidden=\"true\" class=\"wp-block-cover__background has-background-dim-0 has-background-dim\"><\/span><img decoding=\"async\" class=\"wp-block-cover__image-background wp-image-429\" alt=\"\" src=\"https:\/\/ferqui.com\/wp-content\/uploads\/2023\/10\/1957.webp\" data-object-fit=\"cover\"><div class=\"wp-block-cover__inner-container is-layout-flow wp-block-cover-is-layout-flow\">\n<div class=\"wp-block-group ferqui-historia__descripcion has-global-padding is-layout-constrained wp-block-group-is-layout-constrained\">\n<p class=\"has-text-align-center has-large-font-size\">M. Oscar Fern\u00e1ndez et M. El\u00edas Quince sont associ\u00e9s sous le nom commercial de Talleres Felicidad dans le but d\u2019effectuer des r\u00e9parations de v\u00e9hicules industriels, principalement.<\/p>\n<\/div>\n<\/div><\/div>\n<\/article>\n\n\n\n<article id=\"1958\" class=\"wp-block-group has-global-padding is-layout-constrained wp-block-group-is-layout-constrained\">\n<div class=\"wp-block-cover is-light has-custom-content-position is-position-bottom-center\" style=\"min-height:700px;aspect-ratio:unset;\"><span aria-hidden=\"true\" class=\"wp-block-cover__background has-background-dim-0 has-background-dim\"><\/span><img decoding=\"async\" class=\"wp-block-cover__image-background wp-image-441\" alt=\"1958\" src=\"https:\/\/ferqui.com\/wp-content\/uploads\/2023\/10\/1958.webp\" data-object-fit=\"cover\"\/><div class=\"wp-block-cover__inner-container is-layout-flow wp-block-cover-is-layout-flow\">\n<div class=\"wp-block-group ferqui-historia__descripcion has-global-padding is-layout-constrained wp-block-group-is-layout-constrained\">\n<p class=\"has-text-align-center has-large-font-size\">La premi\u00e8re carrosserie appel\u00e9e FERQUI, acronyme des premiers noms de famille de D. Oscar et D. El\u00edas, est n\u00e9e. Il s\u2019agissait d\u2019un v\u00e9hicule de 10 m. longueur et 35 si\u00e8ges.<\/p>\n\n\n\n<p class=\"has-text-align-center has-large-font-size\">C\u2019est \u00e9galement \u00e0 cette \u00e9poque que des transformations sont effectu\u00e9es dans des \u00ab haigas \u00bb am\u00e9ricains pour les transformer en v\u00e9hicules fun\u00e9raires.<\/p>\n<\/div>\n<\/div><\/div>\n<\/article>\n\n\n\n<article id=\"1960\" class=\"wp-block-group has-global-padding is-layout-constrained wp-block-group-is-layout-constrained\">\n<div class=\"wp-block-cover is-light has-custom-content-position is-position-bottom-center\" style=\"min-height:700px;aspect-ratio:unset;\"><span aria-hidden=\"true\" class=\"wp-block-cover__background has-background-dim-0 has-background-dim\"><\/span><img decoding=\"async\" class=\"wp-block-cover__image-background wp-image-444\" alt=\"1960-1\" src=\"https:\/\/ferqui.com\/wp-content\/uploads\/2023\/10\/1960-1.webp\" data-object-fit=\"cover\"\/><div class=\"wp-block-cover__inner-container is-layout-flow wp-block-cover-is-layout-flow\">\n<div class=\"wp-block-group ferqui-historia__descripcion has-global-padding is-layout-constrained wp-block-group-is-layout-constrained\">\n<p class=\"has-text-align-center has-large-font-size\">Des rev\u00eatements corporels qui dureraient dans le temps :<\/p>\n<\/div>\n<\/div><\/div>\n\n\n\n<div class=\"wp-block-cover is-light has-custom-content-position is-position-bottom-center\" style=\"min-height:700px;aspect-ratio:unset;\"><span aria-hidden=\"true\" class=\"wp-block-cover__background has-background-dim-0 has-background-dim\"><\/span><img decoding=\"async\" class=\"wp-block-cover__image-background wp-image-445\" alt=\"1960-2\" src=\"https:\/\/ferqui.com\/wp-content\/uploads\/2023\/10\/1960-2.webp\" data-object-fit=\"cover\"\/><div class=\"wp-block-cover__inner-container is-layout-flow wp-block-cover-is-layout-flow\">\n<div class=\"wp-block-group ferqui-historia__descripcion has-global-padding is-layout-constrained wp-block-group-is-layout-constrained\">\n<p class=\"has-text-align-center has-large-font-size\">Des rev\u00eatements corporels qui dureraient dans le temps :<\/p>\n<\/div>\n<\/div><\/div>\n<\/article>\n\n\n\n<article id=\"1965\" class=\"wp-block-group has-global-padding is-layout-constrained wp-block-group-is-layout-constrained\">\n<div class=\"wp-block-cover is-light has-custom-content-position is-position-bottom-center\" style=\"min-height:700px;aspect-ratio:unset;\"><span aria-hidden=\"true\" class=\"wp-block-cover__background has-background-dim-0 has-background-dim\"><\/span><img decoding=\"async\" class=\"wp-block-cover__image-background wp-image-453\" alt=\"1965 (1)\" src=\"https:\/\/ferqui.com\/wp-content\/uploads\/2023\/10\/1965-1.webp\" data-object-fit=\"cover\"\/><div class=\"wp-block-cover__inner-container is-layout-flow wp-block-cover-is-layout-flow\">\n<div class=\"wp-block-group ferqui-historia__descripcion has-global-padding is-layout-constrained wp-block-group-is-layout-constrained\">\n<p class=\"has-text-align-center has-large-font-size\">L\u2019activit\u00e9 de Talleres Felicidad se r\u00e9partit \u00e0 parts \u00e9gales entre la r\u00e9paration et la fabrication de carrosseries, de v\u00e9hicules de diff\u00e9rentes tailles et types, ainsi que d\u2019autocars et de carrosseries sp\u00e9ciales.<\/p>\n<\/div>\n<\/div><\/div>\n\n\n\n<div class=\"wp-block-cover is-light has-custom-content-position is-position-bottom-center\" style=\"min-height:700px;aspect-ratio:unset;\"><span aria-hidden=\"true\" class=\"wp-block-cover__background has-background-dim-0 has-background-dim\"><\/span><img decoding=\"async\" class=\"wp-block-cover__image-background wp-image-454\" alt=\"1965 (2)\" src=\"https:\/\/ferqui.com\/wp-content\/uploads\/2023\/10\/1965-2.webp\" data-object-fit=\"cover\"\/><div class=\"wp-block-cover__inner-container is-layout-flow wp-block-cover-is-layout-flow\">\n<div class=\"wp-block-group ferqui-historia__descripcion has-global-padding is-layout-constrained wp-block-group-is-layout-constrained\">\n<p class=\"has-text-align-center has-large-font-size\">L\u2019activit\u00e9 de Talleres Felicidad se r\u00e9partit \u00e0 parts \u00e9gales entre la r\u00e9paration et la fabrication de carrosseries, de v\u00e9hicules de diff\u00e9rentes tailles et types, ainsi que d\u2019autocars et de carrosseries sp\u00e9ciales.<\/p>\n<\/div>\n<\/div><\/div>\n<\/article>\n\n\n\n<article id=\"1966\" class=\"wp-block-group has-global-padding is-layout-constrained wp-block-group-is-layout-constrained\">\n<div class=\"wp-block-cover is-light has-custom-content-position is-position-bottom-center\" style=\"min-height:700px;aspect-ratio:unset;\"><span aria-hidden=\"true\" class=\"wp-block-cover__background has-background-dim-0 has-background-dim\"><\/span><img decoding=\"async\" class=\"wp-block-cover__image-background wp-image-455\" alt=\"1966\" src=\"https:\/\/ferqui.com\/wp-content\/uploads\/2023\/10\/1966.webp\" data-object-fit=\"cover\"\/><div class=\"wp-block-cover__inner-container is-layout-flow wp-block-cover-is-layout-flow\">\n<div class=\"wp-block-group ferqui-historia__descripcion has-global-padding is-layout-constrained wp-block-group-is-layout-constrained\">\n<p class=\"has-text-align-center has-large-font-size\">Acquisition d\u2019un terrain dans la ville de Nore\u00f1a pour la construction d\u2019une nouvelle usine.<\/p>\n<\/div>\n<\/div><\/div>\n<\/article>\n\n\n\n<article id=\"1969\" class=\"wp-block-group has-global-padding is-layout-constrained wp-block-group-is-layout-constrained\">\n<div class=\"wp-block-cover is-light has-custom-content-position is-position-bottom-center\" style=\"min-height:700px;aspect-ratio:unset;\"><span aria-hidden=\"true\" class=\"wp-block-cover__background has-background-dim-0 has-background-dim\"><\/span><img decoding=\"async\" class=\"wp-block-cover__image-background wp-image-457\" alt=\"1969\" src=\"https:\/\/ferqui.com\/wp-content\/uploads\/2023\/10\/1969.webp\" data-object-fit=\"cover\"\/><div class=\"wp-block-cover__inner-container is-layout-flow wp-block-cover-is-layout-flow\">\n<div class=\"wp-block-group ferqui-historia__descripcion has-global-padding is-layout-constrained wp-block-group-is-layout-constrained\">\n<p class=\"has-text-align-center has-large-font-size\">La soci\u00e9t\u00e9 commerciale Carrocer\u00edas Ferqui, S.L. est constitu\u00e9e.<\/p>\n<\/div>\n<\/div><\/div>\n<\/article>\n\n\n\n<article id=\"1970\" class=\"wp-block-group has-global-padding is-layout-constrained wp-block-group-is-layout-constrained\">\n<div class=\"wp-block-cover is-light has-custom-content-position is-position-bottom-center\" style=\"min-height:700px;aspect-ratio:unset;\"><span aria-hidden=\"true\" class=\"wp-block-cover__background has-background-dim-0 has-background-dim\"><\/span><img decoding=\"async\" class=\"wp-block-cover__image-background wp-image-459\" alt=\"1970 (1)\" src=\"https:\/\/ferqui.com\/wp-content\/uploads\/2023\/10\/1970-1.webp\" data-object-fit=\"cover\"\/><div class=\"wp-block-cover__inner-container is-layout-flow wp-block-cover-is-layout-flow\">\n<div class=\"wp-block-group ferqui-historia__descripcion has-global-padding is-layout-constrained wp-block-group-is-layout-constrained\">\n<p class=\"has-text-align-center has-large-font-size\">Au cours de la p\u00e9riode 1970-1980, il y a eu une augmentation significative de la demande de carrosseries d\u2019autocars et de midibus, ce qui a n\u00e9cessit\u00e9 une modernisation des mod\u00e8les.<\/p>\n<\/div>\n<\/div><\/div>\n\n\n\n<div class=\"wp-block-cover is-light has-custom-content-position is-position-bottom-center\" style=\"min-height:700px;aspect-ratio:unset;\"><span aria-hidden=\"true\" class=\"wp-block-cover__background has-background-dim-0 has-background-dim\"><\/span><img decoding=\"async\" class=\"wp-block-cover__image-background wp-image-460\" alt=\"1970 (2)\" src=\"https:\/\/ferqui.com\/wp-content\/uploads\/2023\/10\/1970-2.webp\" data-object-fit=\"cover\"\/><div class=\"wp-block-cover__inner-container is-layout-flow wp-block-cover-is-layout-flow\">\n<div class=\"wp-block-group ferqui-historia__descripcion has-global-padding is-layout-constrained wp-block-group-is-layout-constrained\">\n<p class=\"has-text-align-center has-large-font-size\">Au cours de la p\u00e9riode 1970-1980, il y a eu une augmentation significative de la demande de carrosseries d\u2019autocars et de midibus, ce qui a n\u00e9cessit\u00e9 une modernisation des mod\u00e8les.<\/p>\n<\/div>\n<\/div><\/div>\n\n\n\n<div class=\"wp-block-cover is-light has-custom-content-position is-position-bottom-center\" style=\"min-height:700px;aspect-ratio:unset;\"><span aria-hidden=\"true\" class=\"wp-block-cover__background has-background-dim-0 has-background-dim\"><\/span><img decoding=\"async\" class=\"wp-block-cover__image-background wp-image-461\" alt=\"1970 (3)\" src=\"https:\/\/ferqui.com\/wp-content\/uploads\/2023\/10\/1970-3.webp\" data-object-fit=\"cover\"\/><div class=\"wp-block-cover__inner-container is-layout-flow wp-block-cover-is-layout-flow\">\n<div class=\"wp-block-group ferqui-historia__descripcion has-global-padding is-layout-constrained wp-block-group-is-layout-constrained\">\n<p class=\"has-text-align-center has-large-font-size\">Au cours de la p\u00e9riode 1970-1980, il y a eu une augmentation significative de la demande de carrosseries d\u2019autocars et de midibus, ce qui a n\u00e9cessit\u00e9 une modernisation des mod\u00e8les.<\/p>\n<\/div>\n<\/div><\/div>\n\n\n\n<div class=\"wp-block-cover is-light has-custom-content-position is-position-bottom-center\" style=\"min-height:700px;aspect-ratio:unset;\"><span aria-hidden=\"true\" class=\"wp-block-cover__background has-background-dim-0 has-background-dim\"><\/span><img decoding=\"async\" class=\"wp-block-cover__image-background wp-image-462\" alt=\"1970 (4)\" src=\"https:\/\/ferqui.com\/wp-content\/uploads\/2023\/10\/1970-4.webp\" data-object-fit=\"cover\"\/><div class=\"wp-block-cover__inner-container is-layout-flow wp-block-cover-is-layout-flow\">\n<div class=\"wp-block-group ferqui-historia__descripcion has-global-padding is-layout-constrained wp-block-group-is-layout-constrained\">\n<p class=\"has-text-align-center has-large-font-size\">Au cours de la p\u00e9riode 1970-1980, il y a eu une augmentation significative de la demande de carrosseries d\u2019autocars et de midibus, ce qui a n\u00e9cessit\u00e9 une modernisation des mod\u00e8les.<\/p>\n<\/div>\n<\/div><\/div>\n\n\n\n<div class=\"wp-block-cover is-light has-custom-content-position is-position-bottom-center\" style=\"min-height:700px;aspect-ratio:unset;\"><span aria-hidden=\"true\" class=\"wp-block-cover__background has-background-dim-0 has-background-dim\"><\/span><img decoding=\"async\" class=\"wp-block-cover__image-background wp-image-463\" alt=\"1970 (5)\" src=\"https:\/\/ferqui.com\/wp-content\/uploads\/2023\/10\/1970-5.webp\" data-object-fit=\"cover\"\/><div class=\"wp-block-cover__inner-container is-layout-flow wp-block-cover-is-layout-flow\">\n<div class=\"wp-block-group ferqui-historia__descripcion has-global-padding is-layout-constrained wp-block-group-is-layout-constrained\">\n<p class=\"has-text-align-center has-large-font-size\">Au cours de la p\u00e9riode 1970-1980, il y a eu une augmentation significative de la demande de carrosseries d\u2019autocars et de midibus, ce qui a n\u00e9cessit\u00e9 une modernisation des mod\u00e8les.<\/p>\n<\/div>\n<\/div><\/div>\n\n\n\n<div class=\"wp-block-cover is-light has-custom-content-position is-position-bottom-center\" style=\"min-height:700px;aspect-ratio:unset;\"><span aria-hidden=\"true\" class=\"wp-block-cover__background has-background-dim-0 has-background-dim\"><\/span><img decoding=\"async\" class=\"wp-block-cover__image-background wp-image-464\" alt=\"1970 (6)\" src=\"https:\/\/ferqui.com\/wp-content\/uploads\/2023\/10\/1970-6.webp\" data-object-fit=\"cover\"\/><div class=\"wp-block-cover__inner-container is-layout-flow wp-block-cover-is-layout-flow\">\n<div class=\"wp-block-group ferqui-historia__descripcion has-global-padding is-layout-constrained wp-block-group-is-layout-constrained\">\n<p class=\"has-text-align-center has-large-font-size\">Au cours de la p\u00e9riode 1970-1980, il y a eu une augmentation significative de la demande de carrosseries d\u2019autocars et de midibus, ce qui a n\u00e9cessit\u00e9 une modernisation des mod\u00e8les.<\/p>\n<\/div>\n<\/div><\/div>\n<\/article>\n\n\n\n<article id=\"1974\" class=\"wp-block-group has-global-padding is-layout-constrained wp-block-group-is-layout-constrained\">\n<div class=\"wp-block-cover is-light has-custom-content-position is-position-bottom-center\" style=\"min-height:700px;aspect-ratio:unset;\"><span aria-hidden=\"true\" class=\"wp-block-cover__background has-background-dim-0 has-background-dim\"><\/span><img decoding=\"async\" class=\"wp-block-cover__image-background wp-image-466\" alt=\"1974 (1)\" src=\"https:\/\/ferqui.com\/wp-content\/uploads\/2023\/10\/1974-1.webp\" data-object-fit=\"cover\"\/><div class=\"wp-block-cover__inner-container is-layout-flow wp-block-cover-is-layout-flow\">\n<div class=\"wp-block-group ferqui-historia__descripcion has-global-padding is-layout-constrained wp-block-group-is-layout-constrained\">\n<p class=\"has-text-align-center has-large-font-size\">Le march\u00e9 des midibus et des minibus commence \u00e0 prendre de l\u2019importance. Cuerpos Ferqui, qui fabriquait d\u00e9j\u00e0 ce type de v\u00e9hicule, intensifie sa production et la vente de ces mod\u00e8les sur ch\u00e2ssis Sava, Mercedes et Ebro.<\/p>\n<\/div>\n<\/div><\/div>\n\n\n\n<div class=\"wp-block-cover is-light has-custom-content-position is-position-bottom-center\" style=\"min-height:700px;aspect-ratio:unset;\"><span aria-hidden=\"true\" class=\"wp-block-cover__background has-background-dim-0 has-background-dim\"><\/span><img decoding=\"async\" class=\"wp-block-cover__image-background wp-image-467\" alt=\"1974 (2)\" src=\"https:\/\/ferqui.com\/wp-content\/uploads\/2023\/10\/1974-2.webp\" data-object-fit=\"cover\"\/><div class=\"wp-block-cover__inner-container is-layout-flow wp-block-cover-is-layout-flow\">\n<div class=\"wp-block-group ferqui-historia__descripcion has-global-padding is-layout-constrained wp-block-group-is-layout-constrained\">\n<p class=\"has-text-align-center has-large-font-size\">Le march\u00e9 des midibus et des minibus commence \u00e0 prendre de l\u2019importance. Cuerpos Ferqui, qui fabriquait d\u00e9j\u00e0 ce type de v\u00e9hicule, intensifie sa production et la vente de ces mod\u00e8les sur ch\u00e2ssis Sava, Mercedes et Ebro.<\/p>\n<\/div>\n<\/div><\/div>\n\n\n\n<div class=\"wp-block-cover is-light has-custom-content-position is-position-bottom-center\" style=\"min-height:700px;aspect-ratio:unset;\"><span aria-hidden=\"true\" class=\"wp-block-cover__background has-background-dim-0 has-background-dim\"><\/span><img decoding=\"async\" class=\"wp-block-cover__image-background wp-image-468\" alt=\"1974 (3)\" src=\"https:\/\/ferqui.com\/wp-content\/uploads\/2023\/10\/1974-3.webp\" data-object-fit=\"cover\"\/><div class=\"wp-block-cover__inner-container is-layout-flow wp-block-cover-is-layout-flow\">\n<div class=\"wp-block-group ferqui-historia__descripcion has-global-padding is-layout-constrained wp-block-group-is-layout-constrained\">\n<p class=\"has-text-align-center has-large-font-size\">Le march\u00e9 des midibus et des minibus commence \u00e0 prendre de l\u2019importance. Cuerpos Ferqui, qui fabriquait d\u00e9j\u00e0 ce type de v\u00e9hicule, intensifie sa production et la vente de ces mod\u00e8les sur ch\u00e2ssis Sava, Mercedes et Ebro.<\/p>\n<\/div>\n<\/div><\/div>\n<\/article>\n\n\n\n<article id=\"1979\" class=\"wp-block-group has-global-padding is-layout-constrained wp-block-group-is-layout-constrained\">\n<div class=\"wp-block-cover is-light has-custom-content-position is-position-bottom-center\" style=\"min-height:700px;aspect-ratio:unset;\"><span aria-hidden=\"true\" class=\"wp-block-cover__background has-background-dim-0 has-background-dim\"><\/span><img decoding=\"async\" class=\"wp-block-cover__image-background wp-image-470\" alt=\"1979 (1)\" src=\"https:\/\/ferqui.com\/wp-content\/uploads\/2023\/10\/1979-1.webp\" data-object-fit=\"cover\"\/><div class=\"wp-block-cover__inner-container is-layout-flow wp-block-cover-is-layout-flow\">\n<div class=\"wp-block-group ferqui-historia__descripcion has-global-padding is-layout-constrained wp-block-group-is-layout-constrained\">\n<p class=\"has-text-align-center has-large-font-size\">\u00c0 la demande de plusieurs autocaristes longue distance, Carrocer\u00edas Ferqui, S.L. s\u2019est lanc\u00e9e dans la fabrication de v\u00e9hicules sur\u00e9lev\u00e9s de type \u00ab chameau \u00bb, qui \u00e9taient \u00e0 la mode \u00e0 l\u2019\u00e9poque.<\/p>\n<\/div>\n<\/div><\/div>\n\n\n\n<div class=\"wp-block-cover is-light has-custom-content-position is-position-bottom-center\" style=\"min-height:700px;aspect-ratio:unset;\"><span aria-hidden=\"true\" class=\"wp-block-cover__background has-background-dim-0 has-background-dim\"><\/span><img decoding=\"async\" class=\"wp-block-cover__image-background wp-image-471\" alt=\"1979 (2)\" src=\"https:\/\/ferqui.com\/wp-content\/uploads\/2023\/10\/1979-2.webp\" data-object-fit=\"cover\"\/><div class=\"wp-block-cover__inner-container is-layout-flow wp-block-cover-is-layout-flow\">\n<div class=\"wp-block-group ferqui-historia__descripcion has-global-padding is-layout-constrained wp-block-group-is-layout-constrained\">\n<p class=\"has-text-align-center has-large-font-size\">\u00c0 la demande de plusieurs autocaristes longue distance, Carrocer\u00edas Ferqui, S.L. s\u2019est lanc\u00e9e dans la fabrication de v\u00e9hicules sur\u00e9lev\u00e9s de type \u00ab chameau \u00bb, qui \u00e9taient \u00e0 la mode \u00e0 l\u2019\u00e9poque.<\/p>\n<\/div>\n<\/div><\/div>\n\n\n\n<div class=\"wp-block-cover is-light has-custom-content-position is-position-bottom-center\" style=\"min-height:700px;aspect-ratio:unset;\"><span aria-hidden=\"true\" class=\"wp-block-cover__background has-background-dim-0 has-background-dim\"><\/span><img decoding=\"async\" class=\"wp-block-cover__image-background wp-image-472\" alt=\"1979 (3)\" src=\"https:\/\/ferqui.com\/wp-content\/uploads\/2023\/10\/1979-3.webp\" data-object-fit=\"cover\"\/><div class=\"wp-block-cover__inner-container is-layout-flow wp-block-cover-is-layout-flow\">\n<div class=\"wp-block-group ferqui-historia__descripcion has-global-padding is-layout-constrained wp-block-group-is-layout-constrained\">\n<p class=\"has-text-align-center has-large-font-size\">Dans le m\u00eame temps, et dans la m\u00eame lign\u00e9e, des v\u00e9hicules sp\u00e9ciaux sont fabriqu\u00e9s sous le prisme de ce mod\u00e8le.<\/p>\n<\/div>\n<\/div><\/div>\n\n\n\n<div class=\"wp-block-cover is-light has-custom-content-position is-position-bottom-center\" style=\"min-height:700px;aspect-ratio:unset;\"><span aria-hidden=\"true\" class=\"wp-block-cover__background has-background-dim-0 has-background-dim\"><\/span><img decoding=\"async\" class=\"wp-block-cover__image-background wp-image-473\" alt=\"1979 (4)\" src=\"https:\/\/ferqui.com\/wp-content\/uploads\/2023\/10\/1979-4.webp\" data-object-fit=\"cover\"\/><div class=\"wp-block-cover__inner-container is-layout-flow wp-block-cover-is-layout-flow\">\n<div class=\"wp-block-group ferqui-historia__descripcion has-global-padding is-layout-constrained wp-block-group-is-layout-constrained\">\n<p class=\"has-text-align-center has-large-font-size\">Dans le m\u00eame temps, et dans la m\u00eame lign\u00e9e, des v\u00e9hicules sp\u00e9ciaux sont fabriqu\u00e9s sous le prisme de ce mod\u00e8le.<\/p>\n<\/div>\n<\/div><\/div>\n<\/article>\n\n\n\n<article id=\"1981\" class=\"wp-block-group has-global-padding is-layout-constrained wp-block-group-is-layout-constrained\">\n<div class=\"wp-block-cover is-light has-custom-content-position is-position-bottom-center\" style=\"min-height:700px;aspect-ratio:unset;\"><span aria-hidden=\"true\" class=\"wp-block-cover__background has-background-dim-0 has-background-dim\"><\/span><img decoding=\"async\" class=\"wp-block-cover__image-background wp-image-475\" alt=\"1981 (1)\" src=\"https:\/\/ferqui.com\/wp-content\/uploads\/2023\/10\/1981-1.webp\" data-object-fit=\"cover\"\/><div class=\"wp-block-cover__inner-container is-layout-flow wp-block-cover-is-layout-flow\">\n<div class=\"wp-block-group ferqui-historia__descripcion has-global-padding is-layout-constrained wp-block-group-is-layout-constrained\">\n<p class=\"has-text-align-center has-large-font-size\">Au cours de l\u2019\u00e9t\u00e9 de cette ann\u00e9e, le mod\u00e8le Condal est pr\u00e9sent\u00e9 \u00e0 la Foire internationale de Gij\u00f3n, dans sa version longue distance A.<\/p>\n<\/div>\n<\/div><\/div>\n\n\n\n<div class=\"wp-block-cover is-light has-custom-content-position is-position-bottom-center\" style=\"min-height:700px;aspect-ratio:unset;\"><span aria-hidden=\"true\" class=\"wp-block-cover__background has-background-dim-0 has-background-dim\"><\/span><img decoding=\"async\" class=\"wp-block-cover__image-background wp-image-476\" alt=\"1981 (2)\" src=\"https:\/\/ferqui.com\/wp-content\/uploads\/2023\/10\/1981-2.webp\" data-object-fit=\"cover\"\/><div class=\"wp-block-cover__inner-container is-layout-flow wp-block-cover-is-layout-flow\">\n<div class=\"wp-block-group ferqui-historia__descripcion has-global-padding is-layout-constrained wp-block-group-is-layout-constrained\">\n<p class=\"has-text-align-center has-large-font-size\">Plusieurs versions de ce mod\u00e8le ont \u00e9t\u00e9 construites :<\/p>\n\n\n\n<p class=\"has-text-align-center has-large-font-size\">Interurbain<\/p>\n<\/div>\n<\/div><\/div>\n\n\n\n<div class=\"wp-block-cover is-light has-custom-content-position is-position-bottom-center\" style=\"min-height:700px;aspect-ratio:unset;\"><span aria-hidden=\"true\" class=\"wp-block-cover__background has-background-dim-0 has-background-dim\"><\/span><img decoding=\"async\" class=\"wp-block-cover__image-background wp-image-477\" alt=\"1981 (3)\" src=\"https:\/\/ferqui.com\/wp-content\/uploads\/2023\/10\/1981-3.webp\" data-object-fit=\"cover\"\/><div class=\"wp-block-cover__inner-container is-layout-flow wp-block-cover-is-layout-flow\">\n<div class=\"wp-block-group ferqui-historia__descripcion has-global-padding is-layout-constrained wp-block-group-is-layout-constrained\">\n<p class=\"has-text-align-center has-large-font-size\">Plusieurs versions de ce mod\u00e8le ont \u00e9t\u00e9 construites :<\/p>\n\n\n\n<p class=\"has-text-align-center has-large-font-size\">Navetteur<br\/><\/p>\n<\/div>\n<\/div><\/div>\n\n\n\n<div class=\"wp-block-cover is-light has-custom-content-position is-position-bottom-center\" style=\"min-height:700px;aspect-ratio:unset;\"><span aria-hidden=\"true\" class=\"wp-block-cover__background has-background-dim-0 has-background-dim\"><\/span><img decoding=\"async\" class=\"wp-block-cover__image-background wp-image-478\" alt=\"1981 (4)\" src=\"https:\/\/ferqui.com\/wp-content\/uploads\/2023\/10\/1981-4.webp\" data-object-fit=\"cover\"\/><div class=\"wp-block-cover__inner-container is-layout-flow wp-block-cover-is-layout-flow\">\n<div class=\"wp-block-group ferqui-historia__descripcion has-global-padding is-layout-constrained wp-block-group-is-layout-constrained\">\n<p class=\"has-text-align-center has-large-font-size\">Plusieurs versions de ce mod\u00e8le ont \u00e9t\u00e9 construites :<\/p>\n\n\n\n<p class=\"has-text-align-center has-large-font-size\">Navetteur<\/p>\n<\/div>\n<\/div><\/div>\n\n\n\n<div class=\"wp-block-cover is-light has-custom-content-position is-position-bottom-center\" style=\"min-height:700px;aspect-ratio:unset;\"><span aria-hidden=\"true\" class=\"wp-block-cover__background has-background-dim-0 has-background-dim\"><\/span><img decoding=\"async\" class=\"wp-block-cover__image-background wp-image-479\" alt=\"1981 (5)\" src=\"https:\/\/ferqui.com\/wp-content\/uploads\/2023\/10\/1981-5.webp\" data-object-fit=\"cover\"\/><div class=\"wp-block-cover__inner-container is-layout-flow wp-block-cover-is-layout-flow\">\n<div class=\"wp-block-group ferqui-historia__descripcion has-global-padding is-layout-constrained wp-block-group-is-layout-constrained\">\n<p class=\"has-text-align-center has-large-font-size\">Plusieurs versions de ce mod\u00e8le ont \u00e9t\u00e9 construites :<\/p>\n\n\n\n<p class=\"has-text-align-center has-large-font-size\">Midibus<\/p>\n<\/div>\n<\/div><\/div>\n<\/article>\n\n\n\n<article id=\"1988\" class=\"wp-block-group has-global-padding is-layout-constrained wp-block-group-is-layout-constrained\">\n<div class=\"wp-block-cover is-light has-custom-content-position is-position-bottom-center\" style=\"min-height:700px;aspect-ratio:unset;\"><span aria-hidden=\"true\" class=\"wp-block-cover__background has-background-dim-0 has-background-dim\"><\/span><img decoding=\"async\" class=\"wp-block-cover__image-background wp-image-481\" alt=\"1988 (1)\" src=\"https:\/\/ferqui.com\/wp-content\/uploads\/2023\/10\/1988-1.webp\" data-object-fit=\"cover\"\/><div class=\"wp-block-cover__inner-container is-layout-flow wp-block-cover-is-layout-flow\">\n<div class=\"wp-block-group ferqui-historia__descripcion has-global-padding is-layout-constrained wp-block-group-is-layout-constrained\">\n<p class=\"has-text-align-center has-large-font-size\">\u00c0 la suite d\u2019un accord avec la division Autocars et autobus de Mercedes-Benz Espagne, la transformation du fourgon Mercedes-Benz 811-D en minibus de 21 places avec chauffeur commence cette ann\u00e9e.<\/p>\n<\/div>\n<\/div><\/div>\n\n\n\n<div class=\"wp-block-cover is-light has-custom-content-position is-position-bottom-center\" style=\"min-height:700px;aspect-ratio:unset;\"><span aria-hidden=\"true\" class=\"wp-block-cover__background has-background-dim-0 has-background-dim\"><\/span><img decoding=\"async\" class=\"wp-block-cover__image-background wp-image-482\" alt=\"1988 (2)\" src=\"https:\/\/ferqui.com\/wp-content\/uploads\/2023\/10\/1988-2.webp\" data-object-fit=\"cover\"\/><div class=\"wp-block-cover__inner-container is-layout-flow wp-block-cover-is-layout-flow\">\n<div class=\"wp-block-group ferqui-historia__descripcion has-global-padding is-layout-constrained wp-block-group-is-layout-constrained\">\n<p class=\"has-text-align-center has-large-font-size\">Poursuivant la ligne de fabrication de carrosseries sp\u00e9ciales, Cuerpos Ferqui commence la transformation du fourgon Mercedes 120-D en ambulance.<\/p>\n<\/div>\n<\/div><\/div>\n<\/article>\n\n\n\n<article id=\"1989\" class=\"wp-block-group has-global-padding is-layout-constrained wp-block-group-is-layout-constrained\">\n<div class=\"wp-block-cover is-light has-custom-content-position is-position-bottom-center\" style=\"min-height:700px;aspect-ratio:unset;\"><span aria-hidden=\"true\" class=\"wp-block-cover__background has-background-dim-0 has-background-dim\"><\/span><img decoding=\"async\" class=\"wp-block-cover__image-background wp-image-483\" alt=\"1989\" src=\"https:\/\/ferqui.com\/wp-content\/uploads\/2023\/10\/1989.webp\" data-object-fit=\"cover\"\/><div class=\"wp-block-cover__inner-container is-layout-flow wp-block-cover-is-layout-flow\">\n<div class=\"wp-block-group ferqui-historia__descripcion has-global-padding is-layout-constrained wp-block-group-is-layout-constrained\">\n<p class=\"has-text-align-center has-large-font-size\">\u00c0 la suite d\u2019un accord avec la division Autocars et autobus de Mercedes-Benz Espagne, la transformation du fourgon Mercedes-Benz 811-D en minibus de 21 places avec chauffeur commence cette ann\u00e9e.<\/p>\n<\/div>\n<\/div><\/div>\n<\/article>\n\n\n\n<article id=\"1991\" class=\"wp-block-group has-global-padding is-layout-constrained wp-block-group-is-layout-constrained\">\n<div class=\"wp-block-cover is-light has-custom-content-position is-position-bottom-center\" style=\"min-height:701px;aspect-ratio:unset;\"><span aria-hidden=\"true\" class=\"wp-block-cover__background has-background-dim-0 has-background-dim\"><\/span><img decoding=\"async\" class=\"wp-block-cover__image-background wp-image-486\" alt=\"1991 (1)\" src=\"https:\/\/ferqui.com\/wp-content\/uploads\/2023\/10\/1991-1.webp\" data-object-fit=\"cover\"\/><div class=\"wp-block-cover__inner-container is-layout-flow wp-block-cover-is-layout-flow\">\n<div class=\"wp-block-group ferqui-historia__descripcion has-global-padding is-layout-constrained wp-block-group-is-layout-constrained\">\n<p class=\"has-text-align-center has-large-font-size\">Au cours de la d\u00e9cennie 1981-1991, le mod\u00e8le Condal, dans ses diff\u00e9rentes carrosseries, a subi des innovations jusqu\u2019en 1982, date \u00e0 laquelle une version de ce mod\u00e8le a \u00e9t\u00e9 r\u00e9alis\u00e9e sur un ch\u00e2ssis Pegaso 5231, destin\u00e9 au transport de passagers lors de l\u2019Expo 92 de S\u00e9ville.<\/p>\n<\/div>\n<\/div><\/div>\n\n\n\n<div class=\"wp-block-cover is-light has-custom-content-position is-position-bottom-center\" style=\"min-height:700px;aspect-ratio:unset;\"><span aria-hidden=\"true\" class=\"wp-block-cover__background has-background-dim-0 has-background-dim\"><\/span><img decoding=\"async\" class=\"wp-block-cover__image-background wp-image-487\" alt=\"1991 (2)\" src=\"https:\/\/ferqui.com\/wp-content\/uploads\/2023\/10\/1991-2.webp\" data-object-fit=\"cover\"\/><div class=\"wp-block-cover__inner-container is-layout-flow wp-block-cover-is-layout-flow\">\n<div class=\"wp-block-group ferqui-historia__descripcion has-global-padding is-layout-constrained wp-block-group-is-layout-constrained\">\n<p class=\"has-text-align-center has-large-font-size\">Au cours de la d\u00e9cennie 1981-1991, le mod\u00e8le Condal, dans ses diff\u00e9rentes carrosseries, a subi des innovations jusqu\u2019en 1982, date \u00e0 laquelle une version de ce mod\u00e8le a \u00e9t\u00e9 r\u00e9alis\u00e9e sur un ch\u00e2ssis Pegaso 5231, destin\u00e9 au transport de passagers lors de l\u2019Expo 92 de S\u00e9ville.<\/p>\n<\/div>\n<\/div><\/div>\n\n\n\n<div class=\"wp-block-cover has-custom-content-position is-position-bottom-center\" style=\"min-height:700px;aspect-ratio:unset;\"><span aria-hidden=\"true\" class=\"wp-block-cover__background has-background-dim-0 has-background-dim\"><\/span><img decoding=\"async\" class=\"wp-block-cover__image-background wp-image-488\" alt=\"1991 (3)\" src=\"https:\/\/ferqui.com\/wp-content\/uploads\/2023\/10\/1991-3.webp\" data-object-fit=\"cover\"\/><div class=\"wp-block-cover__inner-container is-layout-flow wp-block-cover-is-layout-flow\">\n<div class=\"wp-block-group ferqui-historia__descripcion has-global-padding is-layout-constrained wp-block-group-is-layout-constrained\">\n<p class=\"has-text-align-center has-large-font-size\">Au cours de la d\u00e9cennie 1981-1991, le mod\u00e8le Condal, dans ses diff\u00e9rentes carrosseries, a subi des innovations jusqu\u2019en 1982, date \u00e0 laquelle une version de ce mod\u00e8le a \u00e9t\u00e9 r\u00e9alis\u00e9e sur un ch\u00e2ssis Pegaso 5231, destin\u00e9 au transport de passagers lors de l\u2019Expo 92 de S\u00e9ville.<\/p>\n<\/div>\n<\/div><\/div>\n\n\n\n<div class=\"wp-block-cover is-light has-custom-content-position is-position-bottom-center\" style=\"min-height:700px;aspect-ratio:unset;\"><span aria-hidden=\"true\" class=\"wp-block-cover__background has-background-dim-0 has-background-dim\"><\/span><img decoding=\"async\" class=\"wp-block-cover__image-background wp-image-489\" alt=\"1991 (4)\" src=\"https:\/\/ferqui.com\/wp-content\/uploads\/2023\/10\/1991-4.webp\" data-object-fit=\"cover\"\/><div class=\"wp-block-cover__inner-container is-layout-flow wp-block-cover-is-layout-flow\">\n<div class=\"wp-block-group ferqui-historia__descripcion has-global-padding is-layout-constrained wp-block-group-is-layout-constrained\">\n<p class=\"has-text-align-center has-large-font-size\">Et aussi, l\u2019application de ce mod\u00e8le de carrosserie a servi de base \u00e0 la fabrication de v\u00e9hicules sp\u00e9ciaux\u00a0:<\/p>\n<\/div>\n<\/div><\/div>\n\n\n\n<div class=\"wp-block-cover is-light has-custom-content-position is-position-bottom-center\" style=\"min-height:700px;aspect-ratio:unset;\"><span aria-hidden=\"true\" class=\"wp-block-cover__background has-background-dim-0 has-background-dim\"><\/span><img decoding=\"async\" class=\"wp-block-cover__image-background wp-image-490\" alt=\"1991 (5)\" src=\"https:\/\/ferqui.com\/wp-content\/uploads\/2023\/10\/1991-5.webp\" data-object-fit=\"cover\"\/><div class=\"wp-block-cover__inner-container is-layout-flow wp-block-cover-is-layout-flow\">\n<div class=\"wp-block-group ferqui-historia__descripcion has-global-padding is-layout-constrained wp-block-group-is-layout-constrained\">\n<p class=\"has-text-align-center has-large-font-size\">Et aussi, l\u2019application de ce mod\u00e8le de carrosserie a servi de base \u00e0 la fabrication de v\u00e9hicules sp\u00e9ciaux\u00a0:<\/p>\n<\/div>\n<\/div><\/div>\n\n\n\n<div class=\"wp-block-cover is-light has-custom-content-position is-position-bottom-center\" style=\"min-height:700px;aspect-ratio:unset;\"><span aria-hidden=\"true\" class=\"wp-block-cover__background has-background-dim-0 has-background-dim\"><\/span><img decoding=\"async\" class=\"wp-block-cover__image-background wp-image-491\" alt=\"1991 (6)\" src=\"https:\/\/ferqui.com\/wp-content\/uploads\/2023\/10\/1991-6.jpg.webp\" data-object-fit=\"cover\"\/><div class=\"wp-block-cover__inner-container is-layout-flow wp-block-cover-is-layout-flow\">\n<div class=\"wp-block-group ferqui-historia__descripcion has-global-padding is-layout-constrained wp-block-group-is-layout-constrained\">\n<p class=\"has-text-align-center has-large-font-size\">Et aussi, l\u2019application de ce mod\u00e8le de carrosserie a servi de base \u00e0 la fabrication de v\u00e9hicules sp\u00e9ciaux\u00a0:<\/p>\n<\/div>\n<\/div><\/div>\n\n\n\n<div class=\"wp-block-cover is-light has-custom-content-position is-position-bottom-center\" style=\"min-height:700px;aspect-ratio:unset;\"><span aria-hidden=\"true\" class=\"wp-block-cover__background has-background-dim-0 has-background-dim\"><\/span><img decoding=\"async\" class=\"wp-block-cover__image-background wp-image-492\" alt=\"1991 (7)\" src=\"https:\/\/ferqui.com\/wp-content\/uploads\/2023\/10\/1991-7.webp\" data-object-fit=\"cover\"\/><div class=\"wp-block-cover__inner-container is-layout-flow wp-block-cover-is-layout-flow\">\n<div class=\"wp-block-group ferqui-historia__descripcion has-global-padding is-layout-constrained wp-block-group-is-layout-constrained\">\n<p class=\"has-text-align-center has-large-font-size\">Et aussi, l\u2019application de ce mod\u00e8le de carrosserie a servi de base \u00e0 la fabrication de v\u00e9hicules sp\u00e9ciaux\u00a0:<\/p>\n<\/div>\n<\/div><\/div>\n\n\n\n<div class=\"wp-block-cover is-light has-custom-content-position is-position-bottom-center\" style=\"min-height:700px;aspect-ratio:unset;\"><span aria-hidden=\"true\" class=\"wp-block-cover__background has-background-dim-0 has-background-dim\"><\/span><img decoding=\"async\" class=\"wp-block-cover__image-background wp-image-493\" alt=\"1991 (8)\" src=\"https:\/\/ferqui.com\/wp-content\/uploads\/2023\/10\/1991-8.webp\" data-object-fit=\"cover\"\/><div class=\"wp-block-cover__inner-container is-layout-flow wp-block-cover-is-layout-flow\">\n<div class=\"wp-block-group ferqui-historia__descripcion has-global-padding is-layout-constrained wp-block-group-is-layout-constrained\">\n<p class=\"has-text-align-center has-large-font-size\">Et aussi, l\u2019application de ce mod\u00e8le de carrosserie a servi de base \u00e0 la fabrication de v\u00e9hicules sp\u00e9ciaux\u00a0:<\/p>\n<\/div>\n<\/div><\/div>\n\n\n\n<div class=\"wp-block-cover is-light has-custom-content-position is-position-bottom-center\" style=\"min-height:700px;aspect-ratio:unset;\"><span aria-hidden=\"true\" class=\"wp-block-cover__background has-background-dim-0 has-background-dim\"><\/span><img decoding=\"async\" class=\"wp-block-cover__image-background wp-image-494\" alt=\"1991 (9)\" src=\"https:\/\/ferqui.com\/wp-content\/uploads\/2023\/10\/1991-9.webp\" data-object-fit=\"cover\"\/><div class=\"wp-block-cover__inner-container is-layout-flow wp-block-cover-is-layout-flow\">\n<div class=\"wp-block-group ferqui-historia__descripcion has-global-padding is-layout-constrained wp-block-group-is-layout-constrained\">\n<p class=\"has-text-align-center has-large-font-size\">Et aussi, l\u2019application de ce mod\u00e8le de carrosserie a servi de base \u00e0 la fabrication de v\u00e9hicules sp\u00e9ciaux\u00a0:<\/p>\n<\/div>\n<\/div><\/div>\n\n\n\n<div class=\"wp-block-cover is-light has-custom-content-position is-position-bottom-center\" style=\"min-height:700px;aspect-ratio:unset;\"><span aria-hidden=\"true\" class=\"wp-block-cover__background has-background-dim-0 has-background-dim\"><\/span><img decoding=\"async\" class=\"wp-block-cover__image-background wp-image-495\" alt=\"1991 (10)\" src=\"https:\/\/ferqui.com\/wp-content\/uploads\/2023\/10\/1991-10.webp\" data-object-fit=\"cover\"\/><div class=\"wp-block-cover__inner-container is-layout-flow wp-block-cover-is-layout-flow\">\n<div class=\"wp-block-group ferqui-historia__descripcion has-global-padding is-layout-constrained wp-block-group-is-layout-constrained\">\n<p class=\"has-text-align-center has-large-font-size\">Cette derni\u00e8re version du mod\u00e8le Condal sera le pr\u00e9lude au mod\u00e8le Narcea en 1993<\/p>\n<\/div>\n<\/div><\/div>\n<\/article>\n\n\n\n<article id=\"1993\" class=\"wp-block-group has-global-padding is-layout-constrained wp-block-group-is-layout-constrained\">\n<div class=\"wp-block-cover has-custom-content-position is-position-bottom-center\" style=\"min-height:700px;aspect-ratio:unset;\"><span aria-hidden=\"true\" class=\"wp-block-cover__background has-background-dim-0 has-background-dim\"><\/span><img decoding=\"async\" class=\"wp-block-cover__image-background wp-image-497\" alt=\"1993 (1)\" src=\"https:\/\/ferqui.com\/wp-content\/uploads\/2023\/10\/1993-1.webp\" data-object-fit=\"cover\"\/><div class=\"wp-block-cover__inner-container is-layout-flow wp-block-cover-is-layout-flow\">\n<div class=\"wp-block-group ferqui-historia__descripcion has-global-padding is-layout-constrained wp-block-group-is-layout-constrained\">\n<p class=\"has-text-align-center has-large-font-size\">Comme le mod\u00e8le Condal, le mod\u00e8le Narcea a \u00e9t\u00e9 fabriqu\u00e9 sur diff\u00e9rents ch\u00e2ssis et, \u00e0 cette occasion, pour des voitures de 12 m. midibus \u00e0 moteur arri\u00e8re et midibus \u00e0 moteur avant et arri\u00e8re.<\/p>\n<\/div>\n<\/div><\/div>\n\n\n\n<div class=\"wp-block-cover is-light has-custom-content-position is-position-bottom-center\" style=\"min-height:700px;aspect-ratio:unset;\"><span aria-hidden=\"true\" class=\"wp-block-cover__background has-background-dim-0 has-background-dim\"><\/span><img decoding=\"async\" class=\"wp-block-cover__image-background wp-image-498\" alt=\"1993 (2)\" src=\"https:\/\/ferqui.com\/wp-content\/uploads\/2023\/10\/1993-2.webp\" data-object-fit=\"cover\"\/><div class=\"wp-block-cover__inner-container is-layout-flow wp-block-cover-is-layout-flow\">\n<div class=\"wp-block-group ferqui-historia__descripcion has-global-padding is-layout-constrained wp-block-group-is-layout-constrained\">\n<p class=\"has-text-align-center has-large-font-size\">Comme le mod\u00e8le Condal, le mod\u00e8le Narcea a \u00e9t\u00e9 fabriqu\u00e9 sur diff\u00e9rents ch\u00e2ssis et, \u00e0 cette occasion, pour des voitures de 12 m. midibus \u00e0 moteur arri\u00e8re et midibus \u00e0 moteur avant et arri\u00e8re.<\/p>\n<\/div>\n<\/div><\/div>\n\n\n\n<div class=\"wp-block-cover is-light has-custom-content-position is-position-bottom-center\" style=\"min-height:700px;aspect-ratio:unset;\"><span aria-hidden=\"true\" class=\"wp-block-cover__background has-background-dim-0 has-background-dim\"><\/span><img decoding=\"async\" class=\"wp-block-cover__image-background wp-image-499\" alt=\"1993 (3)\" src=\"https:\/\/ferqui.com\/wp-content\/uploads\/2023\/10\/1993-3.webp\" data-object-fit=\"cover\"\/><div class=\"wp-block-cover__inner-container is-layout-flow wp-block-cover-is-layout-flow\">\n<div class=\"wp-block-group ferqui-historia__descripcion has-global-padding is-layout-constrained wp-block-group-is-layout-constrained\">\n<p class=\"has-text-align-center has-large-font-size\">Comme le mod\u00e8le Condal, le mod\u00e8le Narcea a \u00e9t\u00e9 fabriqu\u00e9 sur diff\u00e9rents ch\u00e2ssis et, \u00e0 cette occasion, pour des voitures de 12 m. midibus \u00e0 moteur arri\u00e8re et midibus \u00e0 moteur avant et arri\u00e8re.<\/p>\n<\/div>\n<\/div><\/div>\n\n\n\n<div class=\"wp-block-cover is-light has-custom-content-position is-position-bottom-center\" style=\"min-height:700px;aspect-ratio:unset;\"><span aria-hidden=\"true\" class=\"wp-block-cover__background has-background-dim-0 has-background-dim\"><\/span><img decoding=\"async\" class=\"wp-block-cover__image-background wp-image-500\" alt=\"1993 (4)\" src=\"https:\/\/ferqui.com\/wp-content\/uploads\/2023\/10\/1993-4.webp\" data-object-fit=\"cover\"\/><div class=\"wp-block-cover__inner-container is-layout-flow wp-block-cover-is-layout-flow\">\n<div class=\"wp-block-group ferqui-historia__descripcion has-global-padding is-layout-constrained wp-block-group-is-layout-constrained\">\n<p class=\"has-text-align-center has-large-font-size\">Comme le mod\u00e8le Condal, le mod\u00e8le Narcea a \u00e9t\u00e9 fabriqu\u00e9 sur diff\u00e9rents ch\u00e2ssis et, \u00e0 cette occasion, pour des voitures de 12 m. midibus \u00e0 moteur arri\u00e8re et midibus \u00e0 moteur avant et arri\u00e8re.<\/p>\n<\/div>\n<\/div><\/div>\n\n\n\n<div class=\"wp-block-cover is-light has-custom-content-position is-position-bottom-center\" style=\"min-height:700px;aspect-ratio:unset;\"><span aria-hidden=\"true\" class=\"wp-block-cover__background has-background-dim-0 has-background-dim\"><\/span><img decoding=\"async\" class=\"wp-block-cover__image-background wp-image-501\" alt=\"1993 (5)\" src=\"https:\/\/ferqui.com\/wp-content\/uploads\/2023\/10\/1993-5.webp\" data-object-fit=\"cover\"\/><div class=\"wp-block-cover__inner-container is-layout-flow wp-block-cover-is-layout-flow\">\n<div class=\"wp-block-group ferqui-historia__descripcion has-global-padding is-layout-constrained wp-block-group-is-layout-constrained\">\n<p class=\"has-text-align-center has-large-font-size\">Comme le mod\u00e8le Condal, le mod\u00e8le Narcea a \u00e9t\u00e9 fabriqu\u00e9 sur diff\u00e9rents ch\u00e2ssis et, \u00e0 cette occasion, pour des voitures de 12 m. midibus \u00e0 moteur arri\u00e8re et midibus \u00e0 moteur avant et arri\u00e8re.<\/p>\n<\/div>\n<\/div><\/div>\n\n\n\n<div class=\"wp-block-cover is-light has-custom-content-position is-position-bottom-center\" style=\"min-height:700px;aspect-ratio:unset;\"><span aria-hidden=\"true\" class=\"wp-block-cover__background has-background-dim-0 has-background-dim\"><\/span><img decoding=\"async\" class=\"wp-block-cover__image-background wp-image-502\" alt=\"1993 (6)\" src=\"https:\/\/ferqui.com\/wp-content\/uploads\/2023\/10\/1993-6.webp\" data-object-fit=\"cover\"\/><div class=\"wp-block-cover__inner-container is-layout-flow wp-block-cover-is-layout-flow\">\n<div class=\"wp-block-group ferqui-historia__descripcion has-global-padding is-layout-constrained wp-block-group-is-layout-constrained\">\n<p class=\"has-text-align-center has-large-font-size\">Comme le mod\u00e8le Condal, le mod\u00e8le Narcea a \u00e9t\u00e9 fabriqu\u00e9 sur diff\u00e9rents ch\u00e2ssis et, \u00e0 cette occasion, pour des voitures de 12 m. midibus \u00e0 moteur arri\u00e8re et midibus \u00e0 moteur avant et arri\u00e8re.<\/p>\n<\/div>\n<\/div><\/div>\n\n\n\n<div class=\"wp-block-cover is-light has-custom-content-position is-position-bottom-center\" style=\"min-height:700px;aspect-ratio:unset;\"><span aria-hidden=\"true\" class=\"wp-block-cover__background has-background-dim-0 has-background-dim\"><\/span><img decoding=\"async\" class=\"wp-block-cover__image-background wp-image-503\" alt=\"1993 (7)\" src=\"https:\/\/ferqui.com\/wp-content\/uploads\/2023\/10\/1993-7.webp\" data-object-fit=\"cover\"\/><div class=\"wp-block-cover__inner-container is-layout-flow wp-block-cover-is-layout-flow\">\n<div class=\"wp-block-group ferqui-historia__descripcion has-global-padding is-layout-constrained wp-block-group-is-layout-constrained\">\n<p class=\"has-text-align-center has-large-font-size\">Comme le mod\u00e8le Condal, le mod\u00e8le Narcea a \u00e9t\u00e9 fabriqu\u00e9 sur diff\u00e9rents ch\u00e2ssis et, \u00e0 cette occasion, pour des voitures de 12 m. midibus \u00e0 moteur arri\u00e8re et midibus \u00e0 moteur avant et arri\u00e8re.<\/p>\n<\/div>\n<\/div><\/div>\n<\/article>\n\n\n\n<article id=\"1995\" class=\"wp-block-group has-global-padding is-layout-constrained wp-block-group-is-layout-constrained\">\n<div class=\"wp-block-cover is-light has-custom-content-position is-position-bottom-center\" style=\"min-height:700px;aspect-ratio:unset;\"><span aria-hidden=\"true\" class=\"wp-block-cover__background has-background-dim-0 has-background-dim\"><\/span><img decoding=\"async\" class=\"wp-block-cover__image-background wp-image-505\" alt=\"1995 (1)\" src=\"https:\/\/ferqui.com\/wp-content\/uploads\/2023\/10\/1995-1.webp\" data-object-fit=\"cover\"\/><div class=\"wp-block-cover__inner-container is-layout-flow wp-block-cover-is-layout-flow\">\n<div class=\"wp-block-group ferqui-historia__descripcion has-global-padding is-layout-constrained wp-block-group-is-layout-constrained\">\n<p class=\"has-text-align-center has-large-font-size\">Cette ann\u00e9e, et compte tenu de la croissance exponentielle des ventes de minibus, Carrocer\u00edas Ferqui, S.L. conclut un accord avec Ford pour la fabrication du mod\u00e8le Transit GT Bus 14 pour toute l\u2019Europe.<\/p>\n<\/div>\n<\/div><\/div>\n\n\n\n<div class=\"wp-block-cover is-light has-custom-content-position is-position-bottom-center\" style=\"min-height:700px;aspect-ratio:unset;\"><span aria-hidden=\"true\" class=\"wp-block-cover__background has-background-dim-0 has-background-dim\"><\/span><img decoding=\"async\" class=\"wp-block-cover__image-background wp-image-506\" alt=\"1995 (2)\" src=\"https:\/\/ferqui.com\/wp-content\/uploads\/2023\/10\/1995-2.webp\" data-object-fit=\"cover\"\/><div class=\"wp-block-cover__inner-container is-layout-flow wp-block-cover-is-layout-flow\">\n<div class=\"wp-block-group ferqui-historia__descripcion has-global-padding is-layout-constrained wp-block-group-is-layout-constrained\">\n<p class=\"has-text-align-center has-large-font-size\">Cette ann\u00e9e, et compte tenu de la croissance exponentielle des ventes de minibus, Carrocer\u00edas Ferqui, S.L. conclut un accord avec Ford pour la fabrication du mod\u00e8le Transit GT Bus 14 pour toute l\u2019Europe.<\/p>\n<\/div>\n<\/div><\/div>\n<\/article>\n\n\n\n<article id=\"1997\" class=\"wp-block-group has-global-padding is-layout-constrained wp-block-group-is-layout-constrained\">\n<div class=\"wp-block-cover is-light has-custom-content-position is-position-bottom-center\" style=\"min-height:700px;aspect-ratio:unset;\"><span aria-hidden=\"true\" class=\"wp-block-cover__background has-background-dim-0 has-background-dim\"><\/span><img decoding=\"async\" class=\"wp-block-cover__image-background wp-image-508\" alt=\"1997\" src=\"https:\/\/ferqui.com\/wp-content\/uploads\/2023\/10\/1997.webp\" data-object-fit=\"cover\"\/><div class=\"wp-block-cover__inner-container is-layout-flow wp-block-cover-is-layout-flow\">\n<div class=\"wp-block-group ferqui-historia__descripcion has-global-padding is-layout-constrained wp-block-group-is-layout-constrained\">\n<p class=\"has-text-align-center has-large-font-size\"><\/p>\n<\/div>\n<\/div><\/div>\n<\/article>\n\n\n\n<article id=\"2000\" class=\"wp-block-group has-global-padding is-layout-constrained wp-block-group-is-layout-constrained\">\n<div class=\"wp-block-cover is-light has-custom-content-position is-position-bottom-center\" style=\"min-height:700px;aspect-ratio:unset;\"><span aria-hidden=\"true\" class=\"wp-block-cover__background has-background-dim-0 has-background-dim\"><\/span><img decoding=\"async\" class=\"wp-block-cover__image-background wp-image-512\" alt=\"2000 (1)\" src=\"https:\/\/ferqui.com\/wp-content\/uploads\/2023\/10\/2000-1.webp\" data-object-fit=\"cover\"\/><div class=\"wp-block-cover__inner-container is-layout-flow wp-block-cover-is-layout-flow\">\n<div class=\"wp-block-group ferqui-historia__descripcion has-global-padding is-layout-constrained wp-block-group-is-layout-constrained\">\n<p class=\"has-text-align-center\">En raison du succ\u00e8s de la vente de minibus et de midibus, la direction de Carrocer\u00edas Ferqui, S.L., a d\u00e9cid\u00e9 de cesser la carrosserie de v\u00e9hicules de 12 m. et de se consacrer exclusivement \u00e0 la fabrication de minibus et midibus de moins de 9 m. longueur.<\/p>\n\n\n\n<p class=\"has-text-align-center\">Pour cette raison, elle s\u2019appr\u00eate \u00e0 lancer le mod\u00e8le F3, un midibus de 9 m. en longueur et 35 si\u00e8ges, sur des ch\u00e2ssis Iveco, Man et Mercedes-Benz.<\/p>\n<\/div>\n<\/div><\/div>\n\n\n\n<div class=\"wp-block-cover is-light has-custom-content-position is-position-bottom-center\" style=\"min-height:700px;aspect-ratio:unset;\"><span aria-hidden=\"true\" class=\"wp-block-cover__background has-background-dim-0 has-background-dim\"><\/span><img decoding=\"async\" class=\"wp-block-cover__image-background wp-image-511\" alt=\"2000 (2)\" src=\"https:\/\/ferqui.com\/wp-content\/uploads\/2023\/10\/2000-2.webp\" data-object-fit=\"cover\"\/><div class=\"wp-block-cover__inner-container is-layout-flow wp-block-cover-is-layout-flow\">\n<div class=\"wp-block-group ferqui-historia__descripcion has-global-padding is-layout-constrained wp-block-group-is-layout-constrained\">\n<p class=\"has-text-align-center has-large-font-size\">Suivant la lign\u00e9e des v\u00e9hicules sp\u00e9ciaux, cette carrosserie a \u00e9galement \u00e9t\u00e9 fabriqu\u00e9e dans la version Bibliob\u00fas, une version qui se poursuit dans le temps avec les successeurs de ce mod\u00e8le.<\/p>\n<\/div>\n<\/div><\/div>\n<\/article>\n\n\n\n<article id=\"2001\" class=\"wp-block-group has-global-padding is-layout-constrained wp-block-group-is-layout-constrained\">\n<div class=\"wp-block-cover has-custom-content-position is-position-bottom-center\" style=\"min-height:700px;aspect-ratio:unset;\"><span aria-hidden=\"true\" class=\"wp-block-cover__background has-background-dim-0 has-background-dim\"><\/span><img decoding=\"async\" class=\"wp-block-cover__image-background wp-image-514\" alt=\"2001 (1)\" src=\"https:\/\/ferqui.com\/wp-content\/uploads\/2023\/10\/2001-1.webp\" data-object-fit=\"cover\"\/><div class=\"wp-block-cover__inner-container is-layout-flow wp-block-cover-is-layout-flow\">\n<div class=\"wp-block-group ferqui-historia__descripcion has-global-padding is-layout-constrained wp-block-group-is-layout-constrained\">\n<p class=\"has-text-align-center\">Au salon de Birmingham de cette ann\u00e9e, le mod\u00e8le Bambino est pr\u00e9sent\u00e9 sur un ch\u00e2ssis Ford Transit \u00e0 conduite \u00e0 droite.<\/p>\n<\/div>\n<\/div><\/div>\n\n\n\n<div class=\"wp-block-cover is-light has-custom-content-position is-position-bottom-center\" style=\"min-height:700px;aspect-ratio:unset;\"><span aria-hidden=\"true\" class=\"wp-block-cover__background has-background-dim-0 has-background-dim\"><\/span><img decoding=\"async\" class=\"wp-block-cover__image-background wp-image-515\" alt=\"2001 (2)\" src=\"https:\/\/ferqui.com\/wp-content\/uploads\/2023\/10\/2001-2.webp\" data-object-fit=\"cover\"\/><div class=\"wp-block-cover__inner-container is-layout-flow wp-block-cover-is-layout-flow\">\n<div class=\"wp-block-group ferqui-historia__descripcion has-global-padding is-layout-constrained wp-block-group-is-layout-constrained\">\n<p class=\"has-text-align-center has-large-font-size\">  La m\u00eame ann\u00e9e, elle sera \u00e9galement fabriqu\u00e9e avec une conduite \u00e0 gauche.<\/p>\n<\/div>\n<\/div><\/div>\n\n\n\n<div class=\"wp-block-cover is-light has-custom-content-position is-position-bottom-center\" style=\"min-height:700px;aspect-ratio:unset;\"><span aria-hidden=\"true\" class=\"wp-block-cover__background has-background-dim-0 has-background-dim\"><\/span><img decoding=\"async\" class=\"wp-block-cover__image-background wp-image-516\" alt=\"2001 (3)\" src=\"https:\/\/ferqui.com\/wp-content\/uploads\/2023\/10\/2001-3-Ford-GT-Bus-17.webp\" data-object-fit=\"cover\"\/><div class=\"wp-block-cover__inner-container is-layout-flow wp-block-cover-is-layout-flow\">\n<div class=\"wp-block-group ferqui-historia__descripcion has-global-padding is-layout-constrained wp-block-group-is-layout-constrained\">\n<p class=\"has-text-align-center has-large-font-size\">  La m\u00eame ann\u00e9e, elle sera \u00e9galement fabriqu\u00e9e avec une conduite \u00e0 gauche.<\/p>\n<\/div>\n<\/div><\/div>\n<\/article>\n\n\n\n<article id=\"2003\" class=\"wp-block-group has-global-padding is-layout-constrained wp-block-group-is-layout-constrained\">\n<div class=\"wp-block-cover is-light has-custom-content-position is-position-bottom-center\" style=\"min-height:700px;aspect-ratio:unset;\"><span aria-hidden=\"true\" class=\"wp-block-cover__background has-background-dim-0 has-background-dim\"><\/span><img decoding=\"async\" class=\"wp-block-cover__image-background wp-image-510\" alt=\"1999 (1)\" src=\"https:\/\/ferqui.com\/wp-content\/uploads\/2023\/10\/1999-1.webp\" data-object-fit=\"cover\"\/><div class=\"wp-block-cover__inner-container is-layout-flow wp-block-cover-is-layout-flow\">\n<div class=\"wp-block-group ferqui-historia__descripcion has-global-padding is-layout-constrained wp-block-group-is-layout-constrained\">\n<p class=\"has-text-align-center\">D\u00e9but de la production du mod\u00e8le Sorocco, bas\u00e9 sur la m\u00e9canique Mercedes-Benz Sprinter, avec 16 places plus le conducteur et la conduite \u00e0 droite.<\/p>\n\n\n\n<p class=\"has-text-align-center\">Pour le march\u00e9 de la conduite \u00e0 gauche, cette version serait appel\u00e9e Sunset.<\/p>\n<\/div>\n<\/div><\/div>\n\n\n\n<div class=\"wp-block-cover is-light has-custom-content-position is-position-bottom-center\" style=\"min-height:700px;aspect-ratio:unset;\"><span aria-hidden=\"true\" class=\"wp-block-cover__background has-background-dim-0 has-background-dim\"><\/span><img decoding=\"async\" class=\"wp-block-cover__image-background wp-image-509\" alt=\"1999 (2)\" src=\"https:\/\/ferqui.com\/wp-content\/uploads\/2023\/10\/1999-2.webp\" data-object-fit=\"cover\"\/><div class=\"wp-block-cover__inner-container is-layout-flow wp-block-cover-is-layout-flow\">\n<div class=\"wp-block-group ferqui-historia__descripcion has-global-padding is-layout-constrained wp-block-group-is-layout-constrained\">\n<p class=\"has-text-align-center\">Il serait \u00e9galement construit sur des ch\u00e2ssis Iveco et atteindrait une capacit\u00e9 allant jusqu\u2019\u00e0 19 si\u00e8ges plus le conducteur.<\/p>\n\n\n\n<p class=\"has-text-align-center\">Comme toute carrosserie r\u00e9ussie sur le march\u00e9 et, par cons\u00e9quent, de longue dur\u00e9e, elle supposerait une s\u00e9rie d\u2019am\u00e9liorations et de petits changements d\u2019image.<\/p>\n<\/div>\n<\/div><\/div>\n<\/article>\n\n\n\n<article id=\"2006\" class=\"wp-block-group has-global-padding is-layout-constrained wp-block-group-is-layout-constrained\">\n<div class=\"wp-block-cover has-custom-content-position is-position-bottom-center\" style=\"min-height:700px;aspect-ratio:unset;\"><span aria-hidden=\"true\" class=\"wp-block-cover__background has-background-dim-0 has-background-dim\"><\/span><img decoding=\"async\" class=\"wp-block-cover__image-background wp-image-518\" alt=\"2006 (1)\" src=\"https:\/\/ferqui.com\/wp-content\/uploads\/2023\/10\/2006-1-Toro.webp\" data-object-fit=\"cover\"\/><div class=\"wp-block-cover__inner-container is-layout-flow wp-block-cover-is-layout-flow\">\n<div class=\"wp-block-group ferqui-historia__descripcion has-global-padding is-layout-constrained wp-block-group-is-layout-constrained\">\n<p class=\"has-text-align-center\">En f\u00e9vrier 2006 et sur la base du ch\u00e2ssis de la Mercedes-Benz O814, les carrosseries Toro \u00e0 conduite \u00e0 droite et Salero \u00e0 conduite \u00e0 gauche ont \u00e9t\u00e9 pr\u00e9sent\u00e9es, qui serviront \u00e9ventuellement de mod\u00e8les \u00e0 la carrosserie Sunrise.<\/p>\n<\/div>\n<\/div><\/div>\n\n\n\n<div class=\"wp-block-cover has-custom-content-position is-position-bottom-center\" style=\"min-height:700px;aspect-ratio:unset;\"><span aria-hidden=\"true\" class=\"wp-block-cover__background has-background-dim-0 has-background-dim\"><\/span><img decoding=\"async\" class=\"wp-block-cover__image-background wp-image-519\" alt=\"2006 (2)\" src=\"https:\/\/ferqui.com\/wp-content\/uploads\/2023\/10\/2006-2-Salero.webp\" data-object-fit=\"cover\"\/><div class=\"wp-block-cover__inner-container is-layout-flow wp-block-cover-is-layout-flow\">\n<div class=\"wp-block-group ferqui-historia__descripcion has-global-padding is-layout-constrained wp-block-group-is-layout-constrained\">\n<p class=\"has-text-align-center\">En f\u00e9vrier 2006 et sur la base du ch\u00e2ssis de la Mercedes-Benz O814, les carrosseries Toro \u00e0 conduite \u00e0 droite et Salero \u00e0 conduite \u00e0 gauche ont \u00e9t\u00e9 pr\u00e9sent\u00e9es, qui serviront \u00e9ventuellement de mod\u00e8les \u00e0 la carrosserie Sunrise.<\/p>\n\n\n\n<p class=\"has-text-align-center\">Comme toute carrosserie r\u00e9ussie sur le march\u00e9 et, par cons\u00e9quent, de longue dur\u00e9e, elle supposerait une s\u00e9rie d\u2019am\u00e9liorations et de petits changements d\u2019image.<\/p>\n<\/div>\n<\/div><\/div>\n<\/article>\n\n\n\n<article id=\"2009\" class=\"wp-block-group has-global-padding is-layout-constrained wp-block-group-is-layout-constrained\">\n<div class=\"wp-block-cover has-custom-content-position is-position-bottom-center\" style=\"min-height:700px;aspect-ratio:unset;\"><span aria-hidden=\"true\" class=\"wp-block-cover__background has-background-dim-0 has-background-dim\"><\/span><img decoding=\"async\" class=\"wp-block-cover__image-background wp-image-529\" alt=\"2009 (1)\" src=\"https:\/\/ferqui.com\/wp-content\/uploads\/2023\/10\/2009-1-Sunrise.webp\" data-object-fit=\"cover\"\/><div class=\"wp-block-cover__inner-container is-layout-flow wp-block-cover-is-layout-flow\">\n<div class=\"wp-block-group ferqui-historia__descripcion has-global-padding is-layout-constrained wp-block-group-is-layout-constrained\">\n<p class=\"has-text-align-center\">C\u2019est en 2009 que l\u2019Iveco Sunrise a \u00e9t\u00e9 pr\u00e9sent\u00e9 sur le ch\u00e2ssis.<\/p>\n<\/div>\n<\/div><\/div>\n\n\n\n<div class=\"wp-block-cover is-light has-custom-content-position is-position-bottom-center\" style=\"min-height:700px;aspect-ratio:unset;\"><span aria-hidden=\"true\" class=\"wp-block-cover__background has-background-dim-0 has-background-dim\"><\/span><img decoding=\"async\" class=\"wp-block-cover__image-background wp-image-530\" alt=\"2009 (2)\" src=\"https:\/\/ferqui.com\/wp-content\/uploads\/2023\/10\/2009-2-Sunrise.webp\" data-object-fit=\"cover\"\/><div class=\"wp-block-cover__inner-container is-layout-flow wp-block-cover-is-layout-flow\">\n<div class=\"wp-block-group ferqui-historia__descripcion has-global-padding is-layout-constrained wp-block-group-is-layout-constrained\">\n<p class=\"has-text-align-center\">C\u2019est en 2009 que l\u2019Iveco Sunrise a \u00e9t\u00e9 pr\u00e9sent\u00e9 sur le ch\u00e2ssis.<\/p>\n<\/div>\n<\/div><\/div>\n\n\n\n<div class=\"wp-block-cover has-custom-content-position is-position-bottom-center\" style=\"min-height:700px;aspect-ratio:unset;\"><span aria-hidden=\"true\" class=\"wp-block-cover__background has-background-dim-0 has-background-dim\"><\/span><img decoding=\"async\" class=\"wp-block-cover__image-background wp-image-531\" alt=\"2009 (3)\" src=\"https:\/\/ferqui.com\/wp-content\/uploads\/2023\/10\/2009-3-Radius.webp\" data-object-fit=\"cover\"\/><div class=\"wp-block-cover__inner-container is-layout-flow wp-block-cover-is-layout-flow\">\n<div class=\"wp-block-group ferqui-historia__descripcion has-global-padding is-layout-constrained wp-block-group-is-layout-constrained\">\n<p class=\"has-text-align-center\">Cette ann\u00e9e encore, le mod\u00e8le Radius est pr\u00e9sent\u00e9, compos\u00e9 d\u2019une conversion en minibus sur le fourgon Mercedes-Benz Sprinter.<\/p>\n<\/div>\n<\/div><\/div>\n\n\n\n<div class=\"wp-block-cover is-light has-custom-content-position is-position-bottom-center\" style=\"min-height:700px;aspect-ratio:unset;\"><span aria-hidden=\"true\" class=\"wp-block-cover__background has-background-dim-0 has-background-dim\"><\/span><img decoding=\"async\" class=\"wp-block-cover__image-background wp-image-532\" alt=\"2009 (4) \" src=\"https:\/\/ferqui.com\/wp-content\/uploads\/2023\/10\/2009-4-Radius.webp\" data-object-fit=\"cover\"\/><div class=\"wp-block-cover__inner-container is-layout-flow wp-block-cover-is-layout-flow\">\n<div class=\"wp-block-group ferqui-historia__descripcion has-global-padding is-layout-constrained wp-block-group-is-layout-constrained\">\n<p class=\"has-text-align-center\">Cette ann\u00e9e encore, le mod\u00e8le Radius est pr\u00e9sent\u00e9, compos\u00e9 d\u2019une conversion en minibus sur le fourgon Mercedes-Benz Sprinter.<\/p>\n<\/div>\n<\/div><\/div>\n<\/article>\n\n\n\n<article id=\"2012\" class=\"wp-block-group has-global-padding is-layout-constrained wp-block-group-is-layout-constrained\">\n<div class=\"wp-block-cover has-custom-content-position is-position-bottom-center\" style=\"min-height:700px;aspect-ratio:unset;\"><span aria-hidden=\"true\" class=\"wp-block-cover__background has-background-dim-0 has-background-dim\"><\/span><img decoding=\"async\" class=\"wp-block-cover__image-background wp-image-534\" alt=\"2012 (1)\" src=\"https:\/\/ferqui.com\/wp-content\/uploads\/2023\/10\/2012-Fenix.webp\" data-object-fit=\"cover\"\/><div class=\"wp-block-cover__inner-container is-layout-flow wp-block-cover-is-layout-flow\">\n<div class=\"wp-block-group ferqui-historia__descripcion has-global-padding is-layout-constrained wp-block-group-is-layout-constrained\">\n<p class=\"has-text-align-center\">Une version low-cost du mod\u00e8le Radius est fabriqu\u00e9e, sur un fourgon Mercedes-Benz Sprinter, appel\u00e9 Fenix, avec 19 places plus conducteur et avec la possibilit\u00e9 d\u2019incorporer une plate-forme pour colonne ou cassette PMR.<\/p>\n<\/div>\n<\/div><\/div>\n\n\n\n<div class=\"wp-block-cover has-custom-content-position is-position-bottom-center\" style=\"min-height:700px;aspect-ratio:unset;\"><span aria-hidden=\"true\" class=\"wp-block-cover__background has-background-dim-0 has-background-dim\"><\/span><img decoding=\"async\" class=\"wp-block-cover__image-background wp-image-533\" alt=\"2012 (2)\" src=\"https:\/\/ferqui.com\/wp-content\/uploads\/2023\/10\/2012-2-COCO-.webp\" data-object-fit=\"cover\"\/><div class=\"wp-block-cover__inner-container is-layout-flow wp-block-cover-is-layout-flow\">\n<div class=\"wp-block-group ferqui-historia__descripcion has-global-padding is-layout-constrained wp-block-group-is-layout-constrained\">\n<p class=\"has-text-align-center\">Cette m\u00eame transformation a \u00e9t\u00e9 r\u00e9alis\u00e9e sur Volswagen, obtenant un minibus pouvant accueillir jusqu\u2019\u00e0 22 places plus un chauffeur appel\u00e9 Coco.<\/p>\n<\/div>\n<\/div><\/div>\n<\/article>\n\n\n\n<article id=\"2014\" class=\"wp-block-group has-global-padding is-layout-constrained wp-block-group-is-layout-constrained\">\n<div class=\"wp-block-cover is-light has-custom-content-position is-position-bottom-center\" style=\"min-height:700px;aspect-ratio:unset;\"><span aria-hidden=\"true\" class=\"wp-block-cover__background has-background-dim-0 has-background-dim\"><\/span><img decoding=\"async\" class=\"wp-block-cover__image-background wp-image-535\" alt=\"2014 (1)\" src=\"https:\/\/ferqui.com\/wp-content\/uploads\/2023\/10\/2014-1.webp\" data-object-fit=\"cover\"\/><div class=\"wp-block-cover__inner-container is-layout-flow wp-block-cover-is-layout-flow\">\n<div class=\"wp-block-group ferqui-historia__descripcion has-global-padding is-layout-constrained wp-block-group-is-layout-constrained\">\n<p class=\"has-text-align-center\">En 2014, le mod\u00e8le F5 a \u00e9t\u00e9 pr\u00e9sent\u00e9, avec 35 si\u00e8ges plus le conducteur, construit sur le ch\u00e2ssis Mercedes-Benz Atego et sur Man.<\/p>\n<\/div>\n<\/div><\/div>\n\n\n\n<div class=\"wp-block-cover is-light has-custom-content-position is-position-bottom-center\" style=\"min-height:700px;aspect-ratio:unset;\"><span aria-hidden=\"true\" class=\"wp-block-cover__background has-background-dim-0 has-background-dim\"><\/span><img decoding=\"async\" class=\"wp-block-cover__image-background wp-image-536\" alt=\"2014 (2)\" src=\"https:\/\/ferqui.com\/wp-content\/uploads\/2023\/10\/2014-2.webp\" data-object-fit=\"cover\"\/><div class=\"wp-block-cover__inner-container is-layout-flow wp-block-cover-is-layout-flow\">\n<div class=\"wp-block-group ferqui-historia__descripcion has-global-padding is-layout-constrained wp-block-group-is-layout-constrained\">\n<p class=\"has-text-align-center\">En 2014, le mod\u00e8le F5 a \u00e9t\u00e9 pr\u00e9sent\u00e9, avec 35 si\u00e8ges plus le conducteur, construit sur le ch\u00e2ssis Mercedes-Benz Atego et sur Man.<\/p>\n<\/div>\n<\/div><\/div>\n<\/article>\n\n\n\n<article id=\"2015\" class=\"wp-block-group has-global-padding is-layout-constrained wp-block-group-is-layout-constrained\">\n<div class=\"wp-block-cover has-custom-content-position is-position-bottom-center\" style=\"min-height:700px;aspect-ratio:unset;\"><span aria-hidden=\"true\" class=\"wp-block-cover__background has-background-dim-0 has-background-dim\"><\/span><img decoding=\"async\" class=\"wp-block-cover__image-background wp-image-537\" alt=\"2015\" src=\"https:\/\/ferqui.com\/wp-content\/uploads\/2023\/10\/2015-DINO.webp\" data-object-fit=\"cover\"\/><div class=\"wp-block-cover__inner-container is-layout-flow wp-block-cover-is-layout-flow\">\n<div class=\"wp-block-group ferqui-historia__descripcion has-global-padding is-layout-constrained wp-block-group-is-layout-constrained\">\n<p class=\"has-text-align-center\">En mai 2015, le Dino n\u00ba1 quitte les installations de Carrocer\u00edas Ferqui. Un v\u00e9hicule qui est obtenu \u00e0 partir de la transformation d\u2019un fourgon Iveco 50C18.<\/p>\n<\/div>\n<\/div><\/div>\n<\/article>\n\n\n\n<article id=\"2016\" class=\"wp-block-group has-global-padding is-layout-constrained wp-block-group-is-layout-constrained\">\n<div class=\"wp-block-cover is-light has-custom-content-position is-position-bottom-center\" style=\"min-height:700px;aspect-ratio:unset;\"><span aria-hidden=\"true\" class=\"wp-block-cover__background has-background-dim-0 has-background-dim\"><\/span><img decoding=\"async\" class=\"wp-block-cover__image-background wp-image-539\" alt=\"2016 (1)\" src=\"https:\/\/ferqui.com\/wp-content\/uploads\/2023\/10\/2016-NORA-1.webp\" data-object-fit=\"cover\"\/><div class=\"wp-block-cover__inner-container is-layout-flow wp-block-cover-is-layout-flow\">\n<div class=\"wp-block-group ferqui-historia__descripcion has-global-padding is-layout-constrained wp-block-group-is-layout-constrained\">\n<p class=\"has-text-align-center\">En 2016, la nouvelle carrosserie Ferqui, appel\u00e9e Nora, a \u00e9t\u00e9 pr\u00e9sent\u00e9e dans les installations d\u2019Iveco Espagne, fabriqu\u00e9e sur un ch\u00e2ssis Iveco Eurocargo CC100.<\/p>\n<\/div>\n<\/div><\/div>\n\n\n\n<div class=\"wp-block-cover is-light has-custom-content-position is-position-bottom-center\" style=\"min-height:700px;aspect-ratio:unset;\"><span aria-hidden=\"true\" class=\"wp-block-cover__background has-background-dim-0 has-background-dim\"><\/span><img decoding=\"async\" class=\"wp-block-cover__image-background wp-image-538\" alt=\"2016 (2)\" src=\"https:\/\/ferqui.com\/wp-content\/uploads\/2023\/10\/2016-2-NORA.webp\" data-object-fit=\"cover\"\/><div class=\"wp-block-cover__inner-container is-layout-flow wp-block-cover-is-layout-flow\">\n<div class=\"wp-block-group ferqui-historia__descripcion has-global-padding is-layout-constrained wp-block-group-is-layout-constrained\">\n<p class=\"has-text-align-center\">Ce mod\u00e8le est fabriqu\u00e9 en 2 versions : une de 8 m. avec 31 places assises et 9 m suppl\u00e9mentaires. avec 37.<\/p>\n<\/div>\n<\/div><\/div>\n<\/article>\n\n\n\n<article id=\"2019\" class=\"wp-block-group has-global-padding is-layout-constrained wp-block-group-is-layout-constrained\">\n<div class=\"wp-block-cover has-custom-content-position is-position-bottom-center\" style=\"min-height:700px;aspect-ratio:unset;\"><span aria-hidden=\"true\" class=\"wp-block-cover__background has-background-dim-0 has-background-dim\"><\/span><img decoding=\"async\" class=\"wp-block-cover__image-background wp-image-540\" alt=\"2019\" src=\"https:\/\/ferqui.com\/wp-content\/uploads\/2023\/10\/2019-S4.webp\" data-object-fit=\"cover\"\/><div class=\"wp-block-cover__inner-container is-layout-flow wp-block-cover-is-layout-flow\">\n<div class=\"wp-block-group ferqui-historia__descripcion has-global-padding is-layout-constrained wp-block-group-is-layout-constrained\">\n<p class=\"has-text-align-center\">La nouvelle carrosserie Sunset S4 sur ch\u00e2ssis Mercedes-Benz 519 Sprinter est pr\u00e9sent\u00e9e au salon Expob\u00fas de Silleda (Pontevedra).<\/p>\n<\/div>\n<\/div><\/div>\n<\/article>\n\n\n\n<article id=\"2022\" class=\"wp-block-group has-global-padding is-layout-constrained wp-block-group-is-layout-constrained\">\n<div class=\"wp-block-cover is-light has-custom-content-position is-position-bottom-center\" style=\"min-height:700px;aspect-ratio:unset;\"><span aria-hidden=\"true\" class=\"wp-block-cover__background has-background-dim-0 has-background-dim\"><\/span><img decoding=\"async\" class=\"wp-block-cover__image-background wp-image-541\" alt=\"2022\" src=\"https:\/\/ferqui.com\/wp-content\/uploads\/2023\/10\/2022-NORA-TRAVEL-.webp\" data-object-fit=\"cover\"\/><div class=\"wp-block-cover__inner-container is-layout-flow wp-block-cover-is-layout-flow\">\n<div class=\"wp-block-group ferqui-historia__descripcion has-global-padding is-layout-constrained wp-block-group-is-layout-constrained\">\n<p class=\"has-text-align-center\">Au cours du dernier trimestre de 2022, le mod\u00e8le Nora a \u00e9t\u00e9 restyl\u00e9, avec un changement substantiel sur l\u2019ensemble de l\u2019avant et des c\u00f4t\u00e9s avant du v\u00e9hicule, le renommant Nora Travel.<\/p>\n<\/div>\n<\/div><\/div>\n<\/article>\n<\/div><\/div><div class=\"glide__bullets\" data-glide-el=\"controls[nav]\"><button class=\"glide__bullet\" data-glide-dir=\"=0\"><\/button><button class=\"glide__bullet\" data-glide-dir=\"=1\"><\/button><button class=\"glide__bullet\" data-glide-dir=\"=2\"><\/button><button class=\"glide__bullet\" data-glide-dir=\"=3\"><\/button><button class=\"glide__bullet\" data-glide-dir=\"=4\"><\/button><button class=\"glide__bullet\" data-glide-dir=\"=5\"><\/button><button class=\"glide__bullet\" data-glide-dir=\"=6\"><\/button><button class=\"glide__bullet\" data-glide-dir=\"=7\"><\/button><button class=\"glide__bullet\" data-glide-dir=\"=8\"><\/button><button class=\"glide__bullet\" data-glide-dir=\"=9\"><\/button><button class=\"glide__bullet\" data-glide-dir=\"=10\"><\/button><button class=\"glide__bullet\" data-glide-dir=\"=11\"><\/button><button class=\"glide__bullet\" data-glide-dir=\"=12\"><\/button><button class=\"glide__bullet\" data-glide-dir=\"=13\"><\/button><button class=\"glide__bullet\" data-glide-dir=\"=14\"><\/button><button class=\"glide__bullet\" data-glide-dir=\"=15\"><\/button><button class=\"glide__bullet\" data-glide-dir=\"=16\"><\/button><button class=\"glide__bullet\" data-glide-dir=\"=17\"><\/button><button class=\"glide__bullet\" data-glide-dir=\"=18\"><\/button><button class=\"glide__bullet\" data-glide-dir=\"=19\"><\/button><button class=\"glide__bullet\" data-glide-dir=\"=20\"><\/button><button class=\"glide__bullet\" data-glide-dir=\"=21\"><\/button><button class=\"glide__bullet\" data-glide-dir=\"=22\"><\/button><button class=\"glide__bullet\" data-glide-dir=\"=23\"><\/button><button class=\"glide__bullet\" data-glide-dir=\"=24\"><\/button><button class=\"glide__bullet\" data-glide-dir=\"=25\"><\/button><button class=\"glide__bullet\" data-glide-dir=\"=26\"><\/button><\/div><\/div>\n<\/div>\n","protected":false},"excerpt":{"rendered":"","protected":false},"author":2,"featured_media":0,"parent":0,"menu_order":0,"comment_status":"closed","ping_status":"closed","template":"wp-custom-template-portada","meta":{"footnotes":""},"class_list":["post-2283","page","type-page","status-publish","hentry"],"_links":{"self":[{"href":"https:\/\/ferqui.com\/fr\/wp-json\/wp\/v2\/pages\/2283","targetHints":{"allow":["GET"]}}],"collection":[{"href":"https:\/\/ferqui.com\/fr\/wp-json\/wp\/v2\/pages"}],"about":[{"href":"https:\/\/ferqui.com\/fr\/wp-json\/wp\/v2\/types\/page"}],"author":[{"embeddable":true,"href":"https:\/\/ferqui.com\/fr\/wp-json\/wp\/v2\/users\/2"}],"replies":[{"embeddable":true,"href":"https:\/\/ferqui.com\/fr\/wp-json\/wp\/v2\/comments?post=2283"}],"version-history":[{"count":4,"href":"https:\/\/ferqui.com\/fr\/wp-json\/wp\/v2\/pages\/2283\/revisions"}],"predecessor-version":[{"id":2630,"href":"https:\/\/ferqui.com\/fr\/wp-json\/wp\/v2\/pages\/2283\/revisions\/2630"}],"wp:attachment":[{"href":"https:\/\/ferqui.com\/fr\/wp-json\/wp\/v2\/media?parent=2283"}],"curies":[{"name":"wp","href":"https:\/\/api.w.org\/{rel}","templated":true}]}}