{"id":2325,"date":"2023-10-03T16:57:57","date_gmt":"2023-10-03T14:57:57","guid":{"rendered":"https:\/\/ferqui.com\/sunrise-pmr\/"},"modified":"2024-03-01T12:45:53","modified_gmt":"2024-03-01T11:45:53","slug":"sunrise-pmr","status":"publish","type":"page","link":"https:\/\/ferqui.com\/fr\/vehiculos\/midibuses\/sunrise\/sunrise-pmr\/","title":{"rendered":"Sunrise PMR"},"content":{"rendered":"\n<div class=\"wp-block-columns is-layout-flex wp-container-core-columns-is-layout-28f84493 wp-block-columns-is-layout-flex\">\n<div class=\"wp-block-column is-layout-flow wp-block-column-is-layout-flow\">\n<figure class=\"wp-block-image aligncenter size-full\"><img loading=\"lazy\" decoding=\"async\" width=\"392\" height=\"248\" src=\"https:\/\/ferqui.com\/wp-content\/uploads\/2023\/10\/sunrisePMR.png\" alt=\"\" class=\"wp-image-394\"><\/figure>\n\n\n<p class=\"has-text-align-center\">Sunrise PRM, avec carrosserie sur ch\u00e2ssis-cabine Iveco Daily 70C17<\/p>\n\n\n\n<p class=\"has-text-align-center\"><strong>Nombre de places\u00a0:<\/strong> 28<\/p>\n\n\n\n<p class=\"has-text-align-center\"><strong>Longueur<\/strong>\u00a0: 8 468 m<\/p>\n\n\n\n<p class=\"has-text-align-center\"><strong>Dist. Entre les essieux :<\/strong>  4,75 m\u00e8tres<\/p>\n\n\n\n<p class=\"has-text-align-center\"><strong>Coffre<\/strong> : 1,7<strong> <\/strong><sup>m3<\/sup> de coffre arri\u00e8re et 0,3<sup>m3<\/sup> de coffre lat\u00e9ral<\/p>\n<\/div>\n\n\n\n<div class=\"wp-block-column is-layout-flow wp-block-column-is-layout-flow\">\n<div class=\"wp-block-columns is-layout-flex wp-container-core-columns-is-layout-28f84493 wp-block-columns-is-layout-flex\">\n<div class=\"wp-block-column is-layout-flow wp-block-column-is-layout-flow\">\n<h3 class=\"wp-block-heading\">\u00c9quipement<\/h3>\n\n\n\n<ul class=\"wp-block-list\">\n<li>Carrosserie sur ch\u00e2ssis Iveco Daily 70C17<\/li>\n\n\n\n<li>Structure \u00e0 base de profil\u00e9s galvanis\u00e9s<\/li>\n\n\n\n<li>Bardage en fibre de verre<\/li>\n\n\n\n<li>26 si\u00e8ges inclinables<\/li>\n\n\n\n<li>Si\u00e8ge conducteur d\u2019origine Iveco<\/li>\n\n\n\n<li>Chaise de guide<\/li>\n\n\n\n<li>Ceintures de s\u00e9curit\u00e9 \u00e0 2\/3 pts sur tous les si\u00e8ges<\/li>\n\n\n\n<li>Vitre panoramique avant Ferqui<\/li>\n\n\n\n<li>Double vitrage double face teint\u00e9 fonc\u00e9<\/li>\n\n\n\n<li>Climatisation au plafond<\/li>\n\n\n\n<li>Chauffage par convecteur, avec r\u00e9gulateur de temp\u00e9rature des deux c\u00f4t\u00e9s<\/li>\n\n\n\n<li>1 trappe de secours<\/li>\n\n\n\n<li>Rideaux avant et lat\u00e9raux<\/li>\n\n\n\n<li>Porte-bagages \u00e0 main avec bouches d\u2019a\u00e9ration individuelles<\/li>\n\n\n\n<li>Lampes de lecture individuelles<\/li>\n\n\n\n<li>Convient pour 8 fauteuils roulants<\/li>\n\n\n\n<li>L\u00e8ve-vitre conducteur d\u2019\u00e9lectricit\u00e9<\/li>\n\n\n\n<li>Radio CD<\/li>\n\n\n\n<li>R\u00e9troviseurs ext\u00e9rieurs \u00e9lectriques et chauffants<\/li>\n\n\n\n<li>1 porte de service \u00e9lectrique<\/li>\n\n\n\n<li>\u00c9l\u00e9vateur de cassette sur le c\u00f4t\u00e9<\/li>\n\n\n\n<li>Adapt\u00e9 \u00e0 la r\u00e9glementation des transports scolaires<\/li>\n<\/ul>\n<\/div>\n\n\n\n<div class=\"wp-block-column is-layout-flow wp-block-column-is-layout-flow\">\n<h3 class=\"wp-block-heading\">Optionnel<\/h3>\n\n\n\n<ul class=\"wp-block-list\">\n<li>Peinture m\u00e9tallis\u00e9e<\/li>\n\n\n\n<li>Frigo<\/li>\n\n\n\n<li>DVD-TFT<\/li>\n\n\n\n<li>Attelage arri\u00e8re pour 750 kgs<\/li>\n\n\n\n<li>Syst\u00e8me Wifi<\/li>\n\n\n\n<li>Panneau de route avant<\/li>\n<\/ul>\n<\/div>\n<\/div>\n<\/div>\n<\/div>\n","protected":false},"excerpt":{"rendered":"<p>Sunrise PRM, avec carrosserie sur ch\u00e2ssis-cabine Iveco Daily 70C17 Nombre de places\u00a0: 28 Longueur\u00a0: 8 468 m Dist. Entre les essieux : 4,75 m\u00e8tres Coffre : 1,7 m3 de coffre arri\u00e8re et 0,3m3 de coffre lat\u00e9ral \u00c9quipement Optionnel<\/p>\n","protected":false},"author":1,"featured_media":0,"parent":2329,"menu_order":0,"comment_status":"closed","ping_status":"closed","template":"","meta":{"footnotes":""},"class_list":["post-2325","page","type-page","status-publish","hentry"],"_links":{"self":[{"href":"https:\/\/ferqui.com\/fr\/wp-json\/wp\/v2\/pages\/2325","targetHints":{"allow":["GET"]}}],"collection":[{"href":"https:\/\/ferqui.com\/fr\/wp-json\/wp\/v2\/pages"}],"about":[{"href":"https:\/\/ferqui.com\/fr\/wp-json\/wp\/v2\/types\/page"}],"author":[{"embeddable":true,"href":"https:\/\/ferqui.com\/fr\/wp-json\/wp\/v2\/users\/1"}],"replies":[{"embeddable":true,"href":"https:\/\/ferqui.com\/fr\/wp-json\/wp\/v2\/comments?post=2325"}],"version-history":[{"count":2,"href":"https:\/\/ferqui.com\/fr\/wp-json\/wp\/v2\/pages\/2325\/revisions"}],"predecessor-version":[{"id":2459,"href":"https:\/\/ferqui.com\/fr\/wp-json\/wp\/v2\/pages\/2325\/revisions\/2459"}],"up":[{"embeddable":true,"href":"https:\/\/ferqui.com\/fr\/wp-json\/wp\/v2\/pages\/2329"}],"wp:attachment":[{"href":"https:\/\/ferqui.com\/fr\/wp-json\/wp\/v2\/media?parent=2325"}],"curies":[{"name":"wp","href":"https:\/\/api.w.org\/{rel}","templated":true}]}}