{"id":2341,"date":"2023-09-29T16:49:50","date_gmt":"2023-09-29T14:49:50","guid":{"rendered":"https:\/\/ferqui.com\/responsabilidad-social-corporativa\/"},"modified":"2024-03-01T12:46:02","modified_gmt":"2024-03-01T11:46:02","slug":"responsabilidad-social-corporativa","status":"publish","type":"page","link":"https:\/\/ferqui.com\/fr\/responsabilidad-social-corporativa\/","title":{"rendered":"RESPONSABILIT\u00c9 SOCIALE DE L\u2019ENTREPRISE"},"content":{"rendered":"\n<p data-aos=\"fade-up\" data-aos-duration=\"1400\">Depuis sa cr\u00e9ation, CARROCER\u00cdAS FERQUI S.L. a concentr\u00e9 ses efforts sur la gestion proactive des impacts d\u00e9riv\u00e9s de son activit\u00e9, en s\u2019engageant aupr\u00e8s des diff\u00e9rents acteurs impliqu\u00e9s, tels que les clients, les employ\u00e9s, les actionnaires, les communaut\u00e9s locales, l\u2019environnement et la soci\u00e9t\u00e9 dans son ensemble, en parvenant \u00e0 cr\u00e9er des synergies de toutes sortes.<\/p>\n\n<p class=\"has-contrast-color has-text-color has-link-color wp-elements-6e2f682a785f1c6eda7b18e84c058f3c\" data-aos=\"fade-up\" data-aos-duration=\"1400\">Depuis plus d\u2019un demi-si\u00e8cle, l\u2019entreprise s\u2019est fortement engag\u00e9e en faveur de la responsabilit\u00e9 sociale des entreprises. Son approche se caract\u00e9rise par l\u2019ex\u00e9cution de son c\u0153ur de m\u00e9tier de mani\u00e8re \u00e9thique et durable, en pla\u00e7ant l\u2019humain au centre de sa mission d\u2019entreprise. La vision de CARROCER\u00cdAS FERQUI S.L. projette dans les objectifs futurs ax\u00e9s sur la durabilit\u00e9, en offrant des produits avec les normes de qualit\u00e9 les plus \u00e9lev\u00e9es et en op\u00e9rant de mani\u00e8re responsable et efficace.<\/p>\n\n<div class=\"wp-block-columns is-layout-flex wp-container-core-columns-is-layout-28f84493 wp-block-columns-is-layout-flex\">\n<div class=\"wp-block-column is-layout-flow wp-block-column-is-layout-flow\" style=\"flex-basis:100%\">\n<p data-aos=\"fade-up\" data-aos-duration=\"1400\">CARROCER\u00cdAS FERQUI S.L. maintient un engagement constant dans la promotion d\u2019une culture de l\u2019\u00e9thique et de la conformit\u00e9, en soulignant l\u2019importance de la formation professionnelle de ses employ\u00e9s et de la formation continue sur ces questions, avec un code d\u2019\u00e9thique, de conformit\u00e9 r\u00e9glementaire et des politiques actives d\u2019\u00e9galit\u00e9. Elle soutient \u00e9galement activement le d\u00e9veloppement des environnements sociaux dans lesquels elle op\u00e8re, en plaidant pour l\u2019utilisation durable des ressources naturelles n\u00e9cessaires \u00e0 son activit\u00e9.<\/p>\n\n\n\n<p>Pour toutes ces raisons, dans le but de continuer \u00e0 s\u2019am\u00e9liorer et afin de faciliter la communication et le signalement des communications, que ce soit pour le personnel de l\u2019entreprise ou pour l\u2019ext\u00e9rieur de celle-ci, CARROCER\u00cdAS FERQUI S.L. a mis en place un syst\u00e8me d\u2019information interne ou \u00ab\u00a0canal de d\u00e9nonciation\u00a0\u00bb accessible via l\u2019adresse e-mail : \u00bb<a href=\"https:\/\/mailto:canaletico@ferqui.com\" target=\"_blank\" rel=\"noreferrer noopener\">canaletico@ferqui.com<\/a>.<br\/><br\/>Pour plus d\u2019informations sur la fa\u00e7on de faire un signalement ou d\u2019autres aspects li\u00e9s \u00e0 la responsabilit\u00e9 sociale des entreprises, vous \u00eates invit\u00e9s \u00e0 consulter le lien suivant : <a href=\"https:\/\/ferqui.com\/fr\/responsabilidad-social-corporativa\/canal-etico\/\" target=\"_blank\" rel=\"noreferrer noopener\">\n  <strong>\n    <em>Canal d\u2019\u00e9thique<\/em>\n  <\/strong>\n<\/a>, Code <a href=\"https:\/\/ferqui.com\/fr\/responsabilidad-social-corporativa\/codigo-etico\/\" target=\"_blank\" rel=\"noreferrer noopener\">\n  <strong>\n    <em>d\u2019\u00e9thique<\/em>\n  <\/strong>\n<\/a>, <a href=\"https:\/\/ferqui.com\/fr\/politica-de-igualdad\/\" target=\"_blank\" rel=\"noreferrer noopener\">\n  <strong>\n    <em>Politique d\u2019\u00e9galit\u00e9<\/em>\n  <\/strong>\n<\/a> et <em>\n  <strong><a href=\"https:\/\/ferqui.com\/fr\/politica-integrada\/\" target=\"_blank\" rel=\"noreferrer noopener\">Politique int\u00e9gr\u00e9e<\/a>.<\/strong>\n<\/em><\/p>\n\n\n\n<p><\/p>\n<\/div>\n<\/div>\n\n<figure class=\"wp-block-image size-full is-resized has-custom-border is-style-rounded wp-duotone-unset-1\" data-aos=\"fade-up\" data-aos-duration=\"1850\"><img loading=\"lazy\" decoding=\"async\" width=\"2362\" height=\"1467\" src=\"https:\/\/ferqui.com\/wp-content\/uploads\/2024\/01\/shutterstock_65736883.jpg\" alt=\"\" class=\"wp-image-1081\" style=\"border-style:none;border-width:0px;border-radius:100px;aspect-ratio:1.7777777777777777;object-fit:contain;width:849px;height:auto\" srcset=\"https:\/\/ferqui.com\/wp-content\/uploads\/2024\/01\/shutterstock_65736883.jpg 2362w, https:\/\/ferqui.com\/wp-content\/uploads\/2024\/01\/shutterstock_65736883-800x497.jpg 800w, https:\/\/ferqui.com\/wp-content\/uploads\/2024\/01\/shutterstock_65736883-1600x994.jpg 1600w, https:\/\/ferqui.com\/wp-content\/uploads\/2024\/01\/shutterstock_65736883-768x477.jpg 768w, https:\/\/ferqui.com\/wp-content\/uploads\/2024\/01\/shutterstock_65736883-1536x954.jpg 1536w, https:\/\/ferqui.com\/wp-content\/uploads\/2024\/01\/shutterstock_65736883-2048x1272.jpg 2048w\" sizes=\"auto, (max-width: 2362px) 100vw, 2362px\" \/><\/figure>","protected":false},"excerpt":{"rendered":"<p>Depuis sa cr\u00e9ation, CARROCER\u00cdAS FERQUI S.L. a concentr\u00e9 ses efforts sur la gestion proactive des impacts d\u00e9riv\u00e9s de son activit\u00e9, en s\u2019engageant aupr\u00e8s des diff\u00e9rents acteurs impliqu\u00e9s, tels que les clients, les employ\u00e9s, les actionnaires, les communaut\u00e9s locales, l\u2019environnement et la soci\u00e9t\u00e9 dans son ensemble, en parvenant \u00e0 cr\u00e9er des synergies de toutes sortes. Depuis [&hellip;]<\/p>\n","protected":false},"author":1,"featured_media":0,"parent":0,"menu_order":0,"comment_status":"closed","ping_status":"closed","template":"","meta":{"footnotes":""},"class_list":["post-2341","page","type-page","status-publish","hentry"],"_links":{"self":[{"href":"https:\/\/ferqui.com\/fr\/wp-json\/wp\/v2\/pages\/2341","targetHints":{"allow":["GET"]}}],"collection":[{"href":"https:\/\/ferqui.com\/fr\/wp-json\/wp\/v2\/pages"}],"about":[{"href":"https:\/\/ferqui.com\/fr\/wp-json\/wp\/v2\/types\/page"}],"author":[{"embeddable":true,"href":"https:\/\/ferqui.com\/fr\/wp-json\/wp\/v2\/users\/1"}],"replies":[{"embeddable":true,"href":"https:\/\/ferqui.com\/fr\/wp-json\/wp\/v2\/comments?post=2341"}],"version-history":[{"count":3,"href":"https:\/\/ferqui.com\/fr\/wp-json\/wp\/v2\/pages\/2341\/revisions"}],"predecessor-version":[{"id":2667,"href":"https:\/\/ferqui.com\/fr\/wp-json\/wp\/v2\/pages\/2341\/revisions\/2667"}],"wp:attachment":[{"href":"https:\/\/ferqui.com\/fr\/wp-json\/wp\/v2\/media?parent=2341"}],"curies":[{"name":"wp","href":"https:\/\/api.w.org\/{rel}","templated":true}]}}